{"id":2633,"date":"2026-02-20T09:44:19","date_gmt":"2026-02-20T09:44:19","guid":{"rendered":"https:\/\/innovationleaders.club\/?page_id=2633"},"modified":"2026-04-17T18:45:54","modified_gmt":"2026-04-17T18:45:54","slug":"conferenciers","status":"publish","type":"page","link":"https:\/\/innovationleaders.club\/fr\/celebrons2026\/conferenciers","title":{"rendered":"Conferenciers"},"content":{"rendered":"<p>[et_pb_section fb_built=&#8221;1&#8243; admin_label=&#8221;Section&#8221; _builder_version=&#8221;4.27.5&#8243; _module_preset=&#8221;default&#8221; background_enable_image=&#8221;off&#8221; custom_padding=&#8221;0px||0px|||&#8221; da_disable_devices=&#8221;off|off|off&#8221; global_colors_info=&#8221;{}&#8221; da_is_popup=&#8221;off&#8221; da_exit_intent=&#8221;off&#8221; da_has_close=&#8221;on&#8221; da_alt_close=&#8221;off&#8221; da_dark_close=&#8221;off&#8221; da_not_modal=&#8221;on&#8221; da_is_singular=&#8221;off&#8221; da_with_loader=&#8221;off&#8221; da_has_shadow=&#8221;on&#8221;][\/et_pb_section][et_pb_section fb_built=&#8221;1&#8243; admin_label=&#8221;Section&#8221; _builder_version=&#8221;4.27.5&#8243; _module_preset=&#8221;default&#8221; background_color=&#8221;#000000&#8243; use_background_color_gradient=&#8221;on&#8221; background_color_gradient_stops=&#8221;rgba(20,20,20,0.53) 0%|rgba(20,20,20,0.77) 100%&#8221; background_color_gradient_overlays_image=&#8221;on&#8221; background_image=&#8221;https:\/\/innovationleaders.club\/wp-content\/uploads\/2026\/02\/Wide-picture-of-people-in-room-07718-scaled-1.jpg&#8221; background_position=&#8221;bottom_center&#8221; background_vertical_offset=&#8221;45%&#8221; min_height=&#8221;420px&#8221; custom_margin=&#8221;-93px|||||&#8221; custom_padding=&#8221;66px||66px||true|&#8221; da_disable_devices=&#8221;off|off|off&#8221; locked=&#8221;off&#8221; global_colors_info=&#8221;{}&#8221; da_is_popup=&#8221;off&#8221; da_exit_intent=&#8221;off&#8221; da_has_close=&#8221;on&#8221; da_alt_close=&#8221;off&#8221; da_dark_close=&#8221;off&#8221; da_not_modal=&#8221;on&#8221; da_is_singular=&#8221;off&#8221; da_with_loader=&#8221;off&#8221; da_has_shadow=&#8221;on&#8221;][et_pb_row _builder_version=&#8221;4.27.5&#8243; _module_preset=&#8221;default&#8221; global_colors_info=&#8221;{}&#8221;][et_pb_column type=&#8221;4_4&#8243; _builder_version=&#8221;4.27.5&#8243; _module_preset=&#8221;default&#8221; global_colors_info=&#8221;{}&#8221;][et_pb_text _builder_version=&#8221;4.27.5&#8243; _module_preset=&#8221;default&#8221; text_font_size=&#8221;26px&#8221; header_font=&#8221;Arial|700|||||||&#8221; header_text_color=&#8221;#FFFFFF&#8221; header_font_size=&#8221;61px&#8221; header_2_font=&#8221;|||on|||||&#8221; custom_margin=&#8221;||16px|||&#8221; global_colors_info=&#8221;{}&#8221;]<\/p>\n<h1 class=\"et_pb_module_header et-fb-editable-element et-fb-editable-element__editing\" data-shortcode-id=\"0.0-1767839696796\" data-quickaccess-id=\"title\" contenteditable=\"true\" style=\"text-align: center;\">C\u00e9l\u00e9brons les leaders de l\u2019innovation<\/h1>\n<p>[\/et_pb_text][et_pb_text _builder_version=&#8221;4.27.5&#8243; _module_preset=&#8221;default&#8221; text_font_size=&#8221;26px&#8221; header_font=&#8221;Arial|700|||||||&#8221; header_text_color=&#8221;#FFFFFF&#8221; header_font_size=&#8221;29px&#8221; header_2_font=&#8221;||||||||&#8221; header_2_font_size=&#8221;20px&#8221; custom_margin=&#8221;||0px|||&#8221; global_colors_info=&#8221;{}&#8221;]<\/p>\n<h1 class=\"et_pb_module_header et-fb-editable-element et-fb-editable-element__editing\" data-shortcode-id=\"0.0-1767839696796\" data-quickaccess-id=\"title\" contenteditable=\"true\" style=\"text-align: center;\">Th\u00e9matique 2026: Instaurer une culture d\u2019innovation p\u00e9renne et r\u00e9siliente<\/h1>\n<p>[\/et_pb_text][\/et_pb_column][\/et_pb_row][et_pb_row _builder_version=&#8221;4.27.5&#8243; _module_preset=&#8221;default&#8221; custom_padding=&#8221;0px|||||&#8221; global_colors_info=&#8221;{}&#8221;][et_pb_column type=&#8221;4_4&#8243; _builder_version=&#8221;4.27.5&#8243; _module_preset=&#8221;default&#8221; global_colors_info=&#8221;{}&#8221;][et_pb_button button_text=&#8221;Centrexpo, Drummondville&#8221; button_alignment=&#8221;center&#8221; _builder_version=&#8221;4.27.5&#8243; _module_preset=&#8221;default&#8221; custom_button=&#8221;on&#8221; button_text_color=&#8221;#FFFFFF&#8221; button_border_width=&#8221;0px&#8221; button_icon=&#8221;&#xf276;||fa||900&#8243; button_icon_placement=&#8221;left&#8221; button_on_hover=&#8221;off&#8221; custom_margin=&#8221;||-2px|||&#8221; custom_padding=&#8221;||0px|||&#8221; global_colors_info=&#8221;{}&#8221;][\/et_pb_button][et_pb_button button_text=&#8221;12 mai 2026&#8243; button_alignment=&#8221;center&#8221; _builder_version=&#8221;4.27.5&#8243; _module_preset=&#8221;default&#8221; custom_button=&#8221;on&#8221; button_text_color=&#8221;#FFFFFF&#8221; button_border_width=&#8221;0px&#8221; button_icon=&#8221;&#xf073;||fa||400&#8243; button_icon_placement=&#8221;left&#8221; button_on_hover=&#8221;off&#8221; custom_margin=&#8221;||-3px|||&#8221; custom_padding=&#8221;||0px|||&#8221; global_colors_info=&#8221;{}&#8221;][\/et_pb_button][\/et_pb_column][\/et_pb_row][\/et_pb_section][et_pb_section fb_built=&#8221;1&#8243; admin_label=&#8221;Section&#8221; _builder_version=&#8221;4.27.5&#8243; _module_preset=&#8221;default&#8221; custom_padding=&#8221;3px||1px|||&#8221; da_disable_devices=&#8221;off|off|off&#8221; global_colors_info=&#8221;{}&#8221; da_is_popup=&#8221;off&#8221; da_exit_intent=&#8221;off&#8221; da_has_close=&#8221;on&#8221; da_alt_close=&#8221;off&#8221; da_dark_close=&#8221;off&#8221; da_not_modal=&#8221;on&#8221; da_is_singular=&#8221;off&#8221; da_with_loader=&#8221;off&#8221; da_has_shadow=&#8221;on&#8221;][et_pb_row _builder_version=&#8221;4.27.5&#8243; _module_preset=&#8221;default&#8221; width=&#8221;100%&#8221; max_width=&#8221;2560px&#8221; custom_padding=&#8221;32px||32px||true|&#8221; global_colors_info=&#8221;{}&#8221;][et_pb_column type=&#8221;4_4&#8243; _builder_version=&#8221;4.27.5&#8243; _module_preset=&#8221;default&#8221; global_colors_info=&#8221;{}&#8221;][et_pb_text _builder_version=&#8221;4.27.5&#8243; _module_preset=&#8221;default&#8221; header_2_font=&#8221;&#8211;et_global_heading_font|700|||||||&#8221; header_2_text_color=&#8221;#22779e&#8221; header_2_font_size=&#8221;40px&#8221; custom_margin=&#8221;||0px|||&#8221; custom_padding=&#8221;||0px|||&#8221; locked=&#8221;off&#8221; global_colors_info=&#8221;{}&#8221;]<\/p>\n<h2 style=\"text-align: center;\">D\u00e9tails de l\u2019\u00e9v\u00e9nement<br \/><span style=\"font-size: 14px; color: #666666;\"><\/span><\/h2>\n<section class=\"section-1-bg event-main\" id=\"about\">\n<div class=\"container-fluid\">\n<div class=\"event-row\">\n<div class=\"col-xs-12 col-sm-6 about14 text-center\">\n<div class=\"about-event-right\">\n<div class=\"btn-top_space\" style=\"text-align: center;\"><\/div>\n<\/div>\n<\/div>\n<\/div>\n<\/div>\n<\/section>\n<p>[\/et_pb_text][\/et_pb_column][\/et_pb_row][\/et_pb_section][et_pb_section fb_built=&#8221;1&#8243; disabled_on=&#8221;on|on|on&#8221; admin_label=&#8221;Section&#8221; _builder_version=&#8221;4.27.5&#8243; _module_preset=&#8221;default&#8221; background_color=&#8221;rgba(0,0,0,0.08)&#8221; custom_padding=&#8221;13px||21px|||&#8221; da_disable_devices=&#8221;off|off|off&#8221; disabled=&#8221;on&#8221; locked=&#8221;off&#8221; global_colors_info=&#8221;{}&#8221; da_is_popup=&#8221;off&#8221; da_exit_intent=&#8221;off&#8221; da_has_close=&#8221;on&#8221; da_alt_close=&#8221;off&#8221; da_dark_close=&#8221;off&#8221; da_not_modal=&#8221;on&#8221; da_is_singular=&#8221;off&#8221; da_with_loader=&#8221;off&#8221; da_has_shadow=&#8221;on&#8221;][et_pb_row column_structure=&#8221;1_2,1_2&#8243; use_custom_gutter=&#8221;on&#8221; gutter_width=&#8221;1&#8243; make_equal=&#8221;on&#8221; _builder_version=&#8221;4.27.5&#8243; _module_preset=&#8221;default&#8221; max_width=&#8221;2560px&#8221; min_height=&#8221;600px&#8221; overflow-x=&#8221;visible&#8221; overflow-y=&#8221;visible&#8221; custom_margin=&#8221;0px|auto|0px|auto|true|false&#8221; custom_padding=&#8221;0px||0px||false|false&#8221; custom_css_free_form=&#8221;overflow: visible !important;&#8221; global_colors_info=&#8221;{}&#8221;][et_pb_column type=&#8221;1_2&#8243; _builder_version=&#8221;4.27.5&#8243; _module_preset=&#8221;default&#8221; global_colors_info=&#8221;{}&#8221;][et_pb_text _builder_version=&#8221;4.27.5&#8243; _module_preset=&#8221;default&#8221; text_font=&#8221;Arial||||||||&#8221; text_font_size=&#8221;21px&#8221; text_line_height=&#8221;1.6em&#8221; header_2_font=&#8221;&#8211;et_global_heading_font|700|||||||&#8221; header_2_text_color=&#8221;#22779e&#8221; header_2_font_size=&#8221;40px&#8221; header_3_font=&#8221;Abel|||on|||||&#8221; header_3_font_size=&#8221;41px&#8221; background_color=&#8221;#FFFFFF&#8221; transform_translate=&#8221;122px|0px&#8221; transform_translate_linked=&#8221;off&#8221; positioning=&#8221;relative&#8221; z_index=&#8221;10&#8243; custom_margin=&#8221;60px|70px|60px|70px|true|true&#8221; custom_padding=&#8221;19px|30px||30px|false|true&#8221; border_width_top=&#8221;15px&#8221; border_color_top=&#8221;#FFFFFF&#8221; border_width_bottom=&#8221;15px&#8221; border_color_bottom=&#8221;#FFFFFF&#8221; global_colors_info=&#8221;{}&#8221;]<\/p>\n<h2 style=\"text-align: left;\">Description de la journ\u00e9e<\/h2>\n<p><strong><span style=\"color: #22779e;\">12 mai 2026 au <span>Centrexpo,<\/span>\u00a0Drummondville<\/span><\/strong><\/p>\n<p>Lorem ipsum dolor sit amet, consectetur adipiscing elit. Integer sed neque dui. Nunc viverra mi eros, ac posuere nibh lobortis et. Vestibulum ante ipsum primis in faucibus orci luctus et ultrices posuere cubilia curae; Phasellus nec erat lacinia, egestas nunc vitae, mollis justo. Nunc cursus facilisis mi, in mollis tortor aliquam quis. Nulla ac fringilla orci. Vestibulum pellentesque vestibulum consequat. Nunc nisl eros, porta sit amet faucibus ut, dapibus sit amet sem. Pellentesque odio orci, dignissim sed pellentesque quis, lobortis eget neque. Nullam gravida est nibh, eu molestie lectus accumsan id. Aenean molestie fermentum neque, ut pharetra velit molestie quis.<\/p>\n<p>&nbsp;<\/p>\n<p>[\/et_pb_text][\/et_pb_column][et_pb_column type=&#8221;1_2&#8243; _builder_version=&#8221;4.27.5&#8243; _module_preset=&#8221;default&#8221; background_image=&#8221;https:\/\/innovationleaders.club\/wp-content\/uploads\/2026\/02\/Wide-picture-of-people-in-room-07089-scaled-1.jpg&#8221; z_index=&#8221;1&#8243; global_colors_info=&#8221;{}&#8221;][\/et_pb_column][\/et_pb_row][\/et_pb_section][et_pb_section fb_built=&#8221;1&#8243; admin_label=&#8221;Section&#8221; module_id=&#8221;AM1&#8243; _builder_version=&#8221;4.27.5&#8243; _module_preset=&#8221;default&#8221; background_color=&#8221;#22779e&#8221; custom_padding=&#8221;12px||0px|||&#8221; da_popup_slug=&#8221;AM1&#8243; da_disable_devices=&#8221;off|off|off&#8221; global_colors_info=&#8221;{}&#8221; da_is_popup=&#8221;off&#8221; da_exit_intent=&#8221;off&#8221; da_has_close=&#8221;on&#8221; da_alt_close=&#8221;off&#8221; da_dark_close=&#8221;off&#8221; da_not_modal=&#8221;on&#8221; da_is_singular=&#8221;off&#8221; da_with_loader=&#8221;off&#8221; da_has_shadow=&#8221;on&#8221;][et_pb_row _builder_version=&#8221;4.27.5&#8243; _module_preset=&#8221;default&#8221; custom_margin=&#8221;-3px|auto||auto||&#8221; global_colors_info=&#8221;{}&#8221;][et_pb_column type=&#8221;4_4&#8243; _builder_version=&#8221;4.27.5&#8243; _module_preset=&#8221;default&#8221; global_colors_info=&#8221;{}&#8221;][et_pb_text _builder_version=&#8221;4.27.5&#8243; _module_preset=&#8221;default&#8221; header_2_font=&#8221;&#8211;et_global_heading_font|700|||||||&#8221; header_2_text_color=&#8221;#FFFFFF&#8221; header_2_font_size=&#8221;60px&#8221; custom_margin=&#8221;||0px|||&#8221; custom_padding=&#8221;||0px|||&#8221; global_colors_info=&#8221;{}&#8221;]<\/p>\n<h2 style=\"text-align: center;\">P\u00e9riode AM 1 : 9h10 &#8211; 10h25<\/h2>\n<p>[\/et_pb_text][\/et_pb_column][\/et_pb_row][\/et_pb_section][et_pb_section fb_built=&#8221;1&#8243; admin_label=&#8221;Section&#8221; _builder_version=&#8221;4.27.5&#8243; _module_preset=&#8221;default&#8221; custom_padding=&#8221;12px||0px|||&#8221; da_popup_slug=&#8221;AM1&#8243; da_disable_devices=&#8221;off|off|off&#8221; global_colors_info=&#8221;{}&#8221; da_is_popup=&#8221;off&#8221; da_exit_intent=&#8221;off&#8221; da_has_close=&#8221;on&#8221; da_alt_close=&#8221;off&#8221; da_dark_close=&#8221;off&#8221; da_not_modal=&#8221;on&#8221; da_is_singular=&#8221;off&#8221; da_with_loader=&#8221;off&#8221; da_has_shadow=&#8221;on&#8221;][et_pb_row _builder_version=&#8221;4.27.5&#8243; _module_preset=&#8221;default&#8221; custom_margin=&#8221;-13px|auto||auto||&#8221; global_colors_info=&#8221;{}&#8221;][et_pb_column type=&#8221;4_4&#8243; _builder_version=&#8221;4.27.5&#8243; _module_preset=&#8221;default&#8221; global_colors_info=&#8221;{}&#8221;][et_pb_text _builder_version=&#8221;4.27.5&#8243; _module_preset=&#8221;default&#8221; header_2_font=&#8221;&#8211;et_global_heading_font|700|||||||&#8221; header_2_text_color=&#8221;#22779e&#8221; header_2_font_size=&#8221;40px&#8221; custom_margin=&#8221;||0px|||&#8221; custom_padding=&#8221;||0px|||&#8221; global_colors_info=&#8221;{}&#8221;]<\/p>\n<h2 style=\"text-align: center;\">Conf\u00e9renciers<\/h2>\n<p>[\/et_pb_text][\/et_pb_column][\/et_pb_row][\/et_pb_section][et_pb_section fb_built=&#8221;1&#8243; admin_label=&#8221;Section&#8221; _builder_version=&#8221;4.27.5&#8243; _module_preset=&#8221;default&#8221; custom_padding=&#8221;1px|||||&#8221; da_disable_devices=&#8221;off|off|off&#8221; global_colors_info=&#8221;{}&#8221; da_is_popup=&#8221;off&#8221; da_exit_intent=&#8221;off&#8221; da_has_close=&#8221;on&#8221; da_alt_close=&#8221;off&#8221; da_dark_close=&#8221;off&#8221; da_not_modal=&#8221;on&#8221; da_is_singular=&#8221;off&#8221; da_with_loader=&#8221;off&#8221; da_has_shadow=&#8221;on&#8221;][et_pb_row column_structure=&#8221;1_3,1_3,1_3&#8243; use_custom_gutter=&#8221;on&#8221; gutter_width=&#8221;1&#8243; _builder_version=&#8221;4.27.5&#8243; _module_preset=&#8221;default&#8221; width=&#8221;100%&#8221; max_width=&#8221;1995px&#8221; global_colors_info=&#8221;{}&#8221;][et_pb_column type=&#8221;1_3&#8243; _builder_version=&#8221;4.27.5&#8243; _module_preset=&#8221;default&#8221; global_colors_info=&#8221;{}&#8221;][et_pb_image src=&#8221;https:\/\/innovationleaders.club\/wp-content\/uploads\/2026\/02\/Jonathan-Hardy-Photo.jpg&#8221; title_text=&#8221;Jonathan-Hardy-Photo&#8221; show_bottom_space=&#8221;off&#8221; align=&#8221;center&#8221; _builder_version=&#8221;4.27.6&#8243; _module_preset=&#8221;default&#8221; width=&#8221;100%&#8221; max_width=&#8221;100%&#8221; max_height=&#8221;300px&#8221; custom_margin=&#8221;|0px||0px|false|false&#8221; custom_padding=&#8221;|0px||0px|false|false&#8221; border_radii=&#8221;on|350px|350px|350px|350px&#8221; border_width_all=&#8221;2px&#8221; border_color_all=&#8221;#22779e&#8221; global_colors_info=&#8221;{}&#8221;][\/et_pb_image][et_pb_text _builder_version=&#8221;4.27.6&#8243; _module_preset=&#8221;default&#8221; text_font=&#8221;Arial||||||||&#8221; text_font_size=&#8221;20px&#8221; text_line_height=&#8221;1.2em&#8221; header_3_font=&#8221;|700||on|||||&#8221; header_3_font_size=&#8221;26px&#8221; header_4_font=&#8221;|600|||||||&#8221; header_4_text_color=&#8221;#0C71C3&#8243; header_4_font_size=&#8221;21px&#8221; custom_margin=&#8221;||15px||false|false&#8221; custom_padding=&#8221;|31px||31px||true&#8221; hover_enabled=&#8221;0&#8243; global_colors_info=&#8221;{}&#8221; sticky_enabled=&#8221;0&#8243;]<\/p>\n<h3 style=\"text-align: center;\"><\/h3>\n<h3 style=\"text-align: center;\"><\/h3>\n<h3 style=\"text-align: center;\">Jonathan<br \/>Hardy<\/h3>\n<h4 style=\"text-align: center;\">Studio Augment\u00e9<\/h4>\n<h5 style=\"text-align: center;\">Expert en intelligence artificielle g\u00e9n\u00e9rative<\/h5>\n<p>[\/et_pb_text][et_pb_text _builder_version=&#8221;4.27.6&#8243; _module_preset=&#8221;default&#8221; text_font=&#8221;Arial||||||||&#8221; text_text_color=&#8221;#22779e&#8221; text_font_size=&#8221;18px&#8221; text_line_height=&#8221;1.2em&#8221; header_3_font=&#8221;|700||on|||||&#8221; header_3_font_size=&#8221;26px&#8221; header_4_font=&#8221;|600|||||||&#8221; header_4_text_color=&#8221;#22779e&#8221; header_4_font_size=&#8221;21px&#8221; custom_margin=&#8221;||35px|||&#8221; custom_padding=&#8221;|31px||31px||true&#8221; global_colors_info=&#8221;{}&#8221;]<\/p>\n<h1 style=\"text-align: center;\"><span style=\"color: #22779e;\"><strong>Orchestrer l&#8217;innovation \u00e0 l&#8217;\u00e8re de l&#8217;IA agentique<\/strong><\/span><\/h1>\n<p style=\"text-align: justify;\"><span style=\"color: #22779e;\">L&#8217;IA agentique collaborative redistribue profond\u00e9ment ce que chaque r\u00f4le accomplit en d\u00e9veloppement de produit. \u00c0 travers des d\u00e9monstrations concr\u00e8tes, Jonathan Hardy explore ce qui change pour l&#8217;ing\u00e9nieur, le designer et le gestionnaire, et quelle nouvelle fa\u00e7on de penser le processus d&#8217;innovation \u00e9merge : moins ex\u00e9cuter, plus orchestrer, et savoir exactement o\u00f9 ancrer le jugement humain.<\/span><\/p>\n<p>[\/et_pb_text][et_pb_text _builder_version=&#8221;4.27.6&#8243; _module_preset=&#8221;default&#8221; text_font=&#8221;Arial||||||||&#8221; text_text_color=&#8221;#000000&#8243; text_font_size=&#8221;18px&#8221; text_line_height=&#8221;1.2em&#8221; header_3_font=&#8221;|700||on|||||&#8221; header_3_font_size=&#8221;26px&#8221; header_4_font=&#8221;|600|||||||&#8221; header_4_text_color=&#8221;#0C71C3&#8243; header_4_font_size=&#8221;21px&#8221; custom_margin=&#8221;||35px|||&#8221; custom_padding=&#8221;|31px||31px||true&#8221; global_colors_info=&#8221;{}&#8221;]<\/p>\n<p style=\"text-align: justify;\">Jonathan Hardy\u00a0est un expert IA g\u00e9n\u00e9rative, fondateur de Studio Augment\u00e9. Il transforme les processus de d\u00e9veloppement de produit gr\u00e2ce \u00e0 l\u2019IA pour concevoir des solutions durables \u00e0 fort impact. Fort de 25 ans d\u2019exp\u00e9rience, il allie strat\u00e9gie, co-cr\u00e9ation et technologies \u00e9mergentes pour accompagner les entreprises dans la cr\u00e9ation de produits innovants, efficaces et centr\u00e9s sur l\u2019humain.\u00a0\u00a0<\/p>\n<p>[\/et_pb_text][\/et_pb_column][et_pb_column type=&#8221;1_3&#8243; _builder_version=&#8221;4.27.5&#8243; _module_preset=&#8221;default&#8221; global_colors_info=&#8221;{}&#8221;][et_pb_image src=&#8221;https:\/\/innovationleaders.club\/wp-content\/uploads\/2026\/02\/Sarah-Jobin-photo.jpg&#8221; title_text=&#8221;Sarah Jobin photo&#8221; show_bottom_space=&#8221;off&#8221; align=&#8221;center&#8221; _builder_version=&#8221;4.27.5&#8243; _module_preset=&#8221;default&#8221; width=&#8221;100%&#8221; max_width=&#8221;100%&#8221; max_height=&#8221;300px&#8221; custom_margin=&#8221;|0px||0px|false|false&#8221; custom_padding=&#8221;|0px||0px|false|false&#8221; border_radii=&#8221;on|350px|350px|350px|350px&#8221; border_width_all=&#8221;2px&#8221; border_color_all=&#8221;#22779e&#8221; global_colors_info=&#8221;{}&#8221;][\/et_pb_image][et_pb_text _builder_version=&#8221;4.27.5&#8243; _module_preset=&#8221;default&#8221; text_font=&#8221;Arial||||||||&#8221; text_font_size=&#8221;20px&#8221; text_line_height=&#8221;1.2em&#8221; header_3_font=&#8221;|700||on|||||&#8221; header_3_font_size=&#8221;26px&#8221; header_4_font=&#8221;|600|||||||&#8221; header_4_text_color=&#8221;#0C71C3&#8243; header_4_font_size=&#8221;21px&#8221; custom_margin=&#8221;||15px||false|false&#8221; custom_padding=&#8221;|31px||31px||true&#8221; global_colors_info=&#8221;{}&#8221;]<\/p>\n<h3 style=\"text-align: center;\"><\/h3>\n<h3 style=\"text-align: center;\"><\/h3>\n<h3 style=\"text-align: center;\">Sarah<br \/>Jobin<\/h3>\n<h4 style=\"text-align: center;\">Biscuits Leclerc<\/h4>\n<h5 style=\"text-align: center;\">Directrice principale innovation R&amp;D<\/h5>\n<p>[\/et_pb_text][et_pb_text _builder_version=&#8221;4.27.6&#8243; _module_preset=&#8221;default&#8221; text_font=&#8221;Arial||||||||&#8221; text_text_color=&#8221;#22779e&#8221; text_font_size=&#8221;18px&#8221; text_line_height=&#8221;1.2em&#8221; header_3_font=&#8221;|700||on|||||&#8221; header_3_font_size=&#8221;26px&#8221; header_4_font=&#8221;|600|||||||&#8221; header_4_text_color=&#8221;#22779e&#8221; header_4_font_size=&#8221;21px&#8221; custom_margin=&#8221;||35px|||&#8221; custom_padding=&#8221;|31px||31px||true&#8221; locked=&#8221;off&#8221; global_colors_info=&#8221;{}&#8221;]<\/p>\n<h1 style=\"text-align: center;\"><span style=\"color: #22779e;\"><strong>Innover dans les produits de consommation<\/strong><\/span><\/h1>\n<p style=\"text-align: justify;\"><span style=\"color: #22779e;\">Innover, ce n\u2019est pas suivre une recette\u202f: c\u2019est accepter de se tromper, d\u2019ajuster et parfois de changer compl\u00e8tement de cap. \u00c0 travers des exemples concrets tir\u00e9s de 121\u202fans d\u2019innovation chez Leclerc \u2014 succ\u00e8s, \u00e9checs assum\u00e9s et intuitions payantes \u2014 cette conf\u00e9rence explore la cohabitation entre intuition entrepreneuriale et donn\u00e9es. Un \u00e9change franc sur le bon timing, l\u2019humilit\u00e9 en innovation et la r\u00e9alit\u00e9 d\u2019\u00e9voluer dans un march\u00e9 en perp\u00e9tuel mouvement.<\/span><\/p>\n<p>[\/et_pb_text][et_pb_text _builder_version=&#8221;4.27.6&#8243; _module_preset=&#8221;default&#8221; text_font=&#8221;Arial||||||||&#8221; text_text_color=&#8221;#000000&#8243; text_font_size=&#8221;18px&#8221; text_line_height=&#8221;1.2em&#8221; header_3_font=&#8221;|700||on|||||&#8221; header_3_font_size=&#8221;26px&#8221; header_4_font=&#8221;|600|||||||&#8221; header_4_text_color=&#8221;#0C71C3&#8243; header_4_font_size=&#8221;21px&#8221; custom_margin=&#8221;||35px|||&#8221; custom_padding=&#8221;|31px||31px||true&#8221; global_colors_info=&#8221;{}&#8221;]<\/p>\n<p style=\"text-align: justify;\">Form\u00e9e en Sciences et Technologies des Aliments, Sarah Jobin cumule 21\u202fans d\u2019exp\u00e9rience chez Biscuits Leclerc, o\u00f9 elle dirige aujourd\u2019hui le d\u00e9partement Innovation R&amp;D. Elle y pilote le d\u00e9veloppement de nouveaux produits, l\u2019optimisation des proc\u00e9d\u00e9s de fabrication et l\u2019\u00e9volution des pratiques d\u2019innovation. Passionn\u00e9e par l\u2019innovation concr\u00e8te et applicable, elle place l\u2019agilit\u00e9, la collaboration et la valeur client au c\u0153ur de ses d\u00e9marches.<\/p>\n<p>[\/et_pb_text][\/et_pb_column][et_pb_column type=&#8221;1_3&#8243; _builder_version=&#8221;4.27.5&#8243; _module_preset=&#8221;default&#8221; global_colors_info=&#8221;{}&#8221;][et_pb_image src=&#8221;https:\/\/innovationleaders.club\/wp-content\/uploads\/2026\/02\/Photo-Catherine-Gauthier.jpg&#8221; title_text=&#8221;Photo-Catherine-Gauthier&#8221; show_bottom_space=&#8221;off&#8221; align=&#8221;center&#8221; _builder_version=&#8221;4.27.5&#8243; _module_preset=&#8221;default&#8221; width=&#8221;100%&#8221; max_width=&#8221;100%&#8221; max_height=&#8221;300px&#8221; custom_margin=&#8221;|0px||0px|false|false&#8221; custom_padding=&#8221;|0px||0px|false|false&#8221; border_radii=&#8221;on|350px|350px|350px|350px&#8221; border_width_all=&#8221;2px&#8221; border_color_all=&#8221;#22779e&#8221; global_colors_info=&#8221;{}&#8221;][\/et_pb_image][et_pb_text _builder_version=&#8221;4.27.5&#8243; _module_preset=&#8221;default&#8221; text_font=&#8221;Arial||||||||&#8221; text_font_size=&#8221;20px&#8221; text_line_height=&#8221;1.2em&#8221; header_3_font=&#8221;|700||on|||||&#8221; header_3_font_size=&#8221;26px&#8221; header_4_font=&#8221;|600|||||||&#8221; header_4_text_color=&#8221;#0C71C3&#8243; header_4_font_size=&#8221;21px&#8221; custom_margin=&#8221;||15px||false|false&#8221; custom_padding=&#8221;|31px||31px||true&#8221; locked=&#8221;off&#8221; global_colors_info=&#8221;{}&#8221;]<\/p>\n<h3 style=\"text-align: center;\"><\/h3>\n<h3 style=\"text-align: center;\"><\/h3>\n<h3 style=\"text-align: center;\">Catherine<br \/>Gauthier<\/h3>\n<h4 style=\"text-align: center;\">Interface &amp; Co<\/h4>\n<h5 style=\"text-align: center;\">Experte en exp\u00e9rience client<\/h5>\n<p>[\/et_pb_text][et_pb_text _builder_version=&#8221;4.27.6&#8243; _module_preset=&#8221;default&#8221; text_font=&#8221;Arial||||||||&#8221; text_text_color=&#8221;#22779e&#8221; text_font_size=&#8221;18px&#8221; text_line_height=&#8221;1.2em&#8221; header_3_font=&#8221;|700||on|||||&#8221; header_3_font_size=&#8221;26px&#8221; header_4_font=&#8221;|600|||||||&#8221; header_4_text_color=&#8221;#22779e&#8221; header_4_font_size=&#8221;21px&#8221; custom_margin=&#8221;||35px|||&#8221; custom_padding=&#8221;|31px||31px||true&#8221; locked=&#8221;off&#8221; global_colors_info=&#8221;{}&#8221;]<\/p>\n<h1 style=\"text-align: center;\"><span style=\"color: #22779e;\"><strong>L\u2019exp\u00e9rience client comme levier d\u2019innovation<\/strong><\/span><\/h1>\n<p style=\"text-align: justify;\"><span style=\"color: #22779e;\">Comment faire de l\u2019exp\u00e9rience client un v\u00e9ritable levier d\u2019innovation? Cette conf\u00e9rence explore comment l\u2019\u00e9coute (voix du client), la cartographie des parcours et les blueprints de service, ainsi que les ateliers collaboratifs en design thinking, transforment les besoins des client\u00e8les en opportunit\u00e9s concr\u00e8tes. En reliant compr\u00e9hension terrain, tendances et objectifs d\u2019affaires, d\u00e9couvrez comment ces pratiques nourrissent et acc\u00e9l\u00e8rent l\u2019innovation.<\/span><\/p>\n<p>[\/et_pb_text][et_pb_text _builder_version=&#8221;4.27.6&#8243; _module_preset=&#8221;default&#8221; text_font=&#8221;Arial||||||||&#8221; text_text_color=&#8221;#000000&#8243; text_font_size=&#8221;18px&#8221; text_line_height=&#8221;1.2em&#8221; header_3_font=&#8221;|700||on|||||&#8221; header_3_font_size=&#8221;26px&#8221; header_4_font=&#8221;|600|||||||&#8221; header_4_text_color=&#8221;#0C71C3&#8243; header_4_font_size=&#8221;21px&#8221; custom_margin=&#8221;||35px|||&#8221; custom_padding=&#8221;|31px||31px||true&#8221; global_colors_info=&#8221;{}&#8221;]<\/p>\n<p style=\"text-align: justify;\">Experte certifi\u00e9e en exp\u00e9rience client (CCXP), Catherine cumule pr\u00e8s de 20 ans d\u2019exp\u00e9rience. Depuis plus de 10 ans, elle accompagne les organisations dans leur transformation centr\u00e9e sur l\u2019humain \u00e0 l\u2019aide de m\u00e9thodes d\u2019innovation collaborative, dont le design thinking. Formatrice agr\u00e9\u00e9e, elle enseigne \u00e0 HEC Montr\u00e9al. Cofondatrice de CXPA Qu\u00e9bec, elle a men\u00e9 des projets de transformation de l\u2019exp\u00e9rience au Qu\u00e9bec, au Canada et \u00e0 l\u2019international.<\/p>\n<p>[\/et_pb_text][\/et_pb_column][\/et_pb_row][et_pb_row _builder_version=&#8221;4.27.5&#8243; _module_preset=&#8221;default&#8221; global_colors_info=&#8221;{}&#8221;][et_pb_column type=&#8221;4_4&#8243; _builder_version=&#8221;4.27.5&#8243; _module_preset=&#8221;default&#8221; global_colors_info=&#8221;{}&#8221;][et_pb_text _builder_version=&#8221;4.27.5&#8243; _module_preset=&#8221;default&#8221; header_2_font=&#8221;&#8211;et_global_heading_font|700|||||||&#8221; header_2_text_color=&#8221;#22779e&#8221; header_2_font_size=&#8221;40px&#8221; custom_margin=&#8221;||0px|||&#8221; custom_padding=&#8221;||0px|||&#8221; global_colors_info=&#8221;{}&#8221;]<\/p>\n<h2 style=\"text-align: center;\">Tables d\u2019\u00e9changes<\/h2>\n<p>[\/et_pb_text][\/et_pb_column][\/et_pb_row][et_pb_row column_structure=&#8221;1_2,1_2&#8243; use_custom_gutter=&#8221;on&#8221; gutter_width=&#8221;1&#8243; _builder_version=&#8221;4.27.5&#8243; _module_preset=&#8221;default&#8221; width=&#8221;74%&#8221; max_width=&#8221;1995px&#8221; global_colors_info=&#8221;{}&#8221;][et_pb_column type=&#8221;1_2&#8243; _builder_version=&#8221;4.27.5&#8243; _module_preset=&#8221;default&#8221; global_colors_info=&#8221;{}&#8221;][et_pb_text _builder_version=&#8221;4.27.6&#8243; _module_preset=&#8221;default&#8221; text_font=&#8221;Arial||||||||&#8221; text_text_color=&#8221;#000000&#8243; text_font_size=&#8221;18px&#8221; text_line_height=&#8221;1.2em&#8221; header_3_font=&#8221;|700||on|||||&#8221; header_3_font_size=&#8221;26px&#8221; header_4_font=&#8221;|600|||||||&#8221; header_4_text_color=&#8221;#0C71C3&#8243; header_4_font_size=&#8221;21px&#8221; custom_margin=&#8221;||35px|||&#8221; custom_padding=&#8221;|31px||31px||true&#8221; global_colors_info=&#8221;{}&#8221;]<\/p>\n<h4 style=\"text-align: center;\">Th\u00e9matique 1:<\/h4>\n<h2 style=\"text-align: center;\"><strong>G\u00e9n\u00e9rer un impact concret et savoir le d\u00e9montrer<\/strong><\/h2>\n<p style=\"text-align: justify;\">Les leaders de l&#8217;innovation ont le devoir de d\u00e9montrer de fa\u00e7ons concr\u00e8te l\u2019impact des initiatives d\u2019innovation. Les participants partageront leurs pratiques pour choisir des indicateurs pertinents, documenter les apprentissages et traduire les r\u00e9sultats en b\u00e9n\u00e9fices observables. L\u2019objectif\u202f: mieux d\u00e9montrer ce que l\u2019innovation produit r\u00e9ellement, au\u2011del\u00e0 des id\u00e9es et des projets pilotes.<\/p>\n<p>[\/et_pb_text][\/et_pb_column][et_pb_column type=&#8221;1_2&#8243; _builder_version=&#8221;4.27.5&#8243; _module_preset=&#8221;default&#8221; global_colors_info=&#8221;{}&#8221;][et_pb_text _builder_version=&#8221;4.27.6&#8243; _module_preset=&#8221;default&#8221; text_font=&#8221;Arial||||||||&#8221; text_text_color=&#8221;#000000&#8243; text_font_size=&#8221;18px&#8221; text_line_height=&#8221;1.2em&#8221; header_3_font=&#8221;|700||on|||||&#8221; header_3_font_size=&#8221;26px&#8221; header_4_font=&#8221;|600|||||||&#8221; header_4_text_color=&#8221;#0C71C3&#8243; header_4_font_size=&#8221;21px&#8221; custom_margin=&#8221;||35px|||&#8221; custom_padding=&#8221;|31px||31px||true&#8221; global_colors_info=&#8221;{}&#8221;]<\/p>\n<h4 style=\"text-align: center;\">Th\u00e9matique 2:<\/h4>\n<h2 style=\"text-align: center;\"><strong>Mobiliser les \u00e9quipes multifonctionnelles<\/strong><\/h2>\n<p style=\"text-align: justify;\">Explorez comment mobiliser des \u00e9quipes multifonctionnelles autour des initiatives d\u2019innovation. Les discussions porteront sur les leviers concrets pour susciter la participation, favoriser la collaboration entre expertises et int\u00e9grer l\u2019innovation dans le travail quotidien. Les participants partageront des pratiques \u00e9prouv\u00e9es pour transformer l\u2019innovation en effort collectif, m\u00eame dans des contextes de forte pression op\u00e9rationnelle.<\/p>\n<p>[\/et_pb_text][\/et_pb_column][\/et_pb_row][\/et_pb_section][et_pb_section fb_built=&#8221;1&#8243; admin_label=&#8221;Section&#8221; module_id=&#8221;AM2&#8243; _builder_version=&#8221;4.27.5&#8243; _module_preset=&#8221;default&#8221; background_color=&#8221;#22779e&#8221; custom_padding=&#8221;12px||0px|||&#8221; da_popup_slug=&#8221;AM2&#8243; da_disable_devices=&#8221;off|off|off&#8221; global_colors_info=&#8221;{}&#8221; da_is_popup=&#8221;off&#8221; da_exit_intent=&#8221;off&#8221; da_has_close=&#8221;on&#8221; da_alt_close=&#8221;off&#8221; da_dark_close=&#8221;off&#8221; da_not_modal=&#8221;on&#8221; da_is_singular=&#8221;off&#8221; da_with_loader=&#8221;off&#8221; da_has_shadow=&#8221;on&#8221;][et_pb_row _builder_version=&#8221;4.27.5&#8243; _module_preset=&#8221;default&#8221; custom_margin=&#8221;-3px|auto||auto||&#8221; global_colors_info=&#8221;{}&#8221;][et_pb_column type=&#8221;4_4&#8243; _builder_version=&#8221;4.27.5&#8243; _module_preset=&#8221;default&#8221; global_colors_info=&#8221;{}&#8221;][et_pb_text _builder_version=&#8221;4.27.5&#8243; _module_preset=&#8221;default&#8221; header_2_font=&#8221;&#8211;et_global_heading_font|700|||||||&#8221; header_2_text_color=&#8221;#FFFFFF&#8221; header_2_font_size=&#8221;60px&#8221; custom_margin=&#8221;||0px|||&#8221; custom_padding=&#8221;||0px|||&#8221; global_colors_info=&#8221;{}&#8221;]<\/p>\n<h2 style=\"text-align: center;\">P\u00e9riode AM 2 : 10h40 &#8211; 11h55<\/h2>\n<p>[\/et_pb_text][\/et_pb_column][\/et_pb_row][\/et_pb_section][et_pb_section fb_built=&#8221;1&#8243; admin_label=&#8221;Section&#8221; _builder_version=&#8221;4.27.5&#8243; _module_preset=&#8221;default&#8221; custom_padding=&#8221;12px||0px|||&#8221; da_disable_devices=&#8221;off|off|off&#8221; global_colors_info=&#8221;{}&#8221; da_is_popup=&#8221;off&#8221; da_exit_intent=&#8221;off&#8221; da_has_close=&#8221;on&#8221; da_alt_close=&#8221;off&#8221; da_dark_close=&#8221;off&#8221; da_not_modal=&#8221;on&#8221; da_is_singular=&#8221;off&#8221; da_with_loader=&#8221;off&#8221; da_has_shadow=&#8221;on&#8221;][et_pb_row _builder_version=&#8221;4.27.5&#8243; _module_preset=&#8221;default&#8221; custom_margin=&#8221;-13px|auto||auto||&#8221; global_colors_info=&#8221;{}&#8221;][et_pb_column type=&#8221;4_4&#8243; _builder_version=&#8221;4.27.5&#8243; _module_preset=&#8221;default&#8221; global_colors_info=&#8221;{}&#8221;][et_pb_text _builder_version=&#8221;4.27.5&#8243; _module_preset=&#8221;default&#8221; header_2_font=&#8221;&#8211;et_global_heading_font|700|||||||&#8221; header_2_text_color=&#8221;#22779e&#8221; header_2_font_size=&#8221;40px&#8221; custom_margin=&#8221;||0px|||&#8221; custom_padding=&#8221;||0px|||&#8221; global_colors_info=&#8221;{}&#8221;]<\/p>\n<h2 style=\"text-align: center;\">Conf\u00e9renciers<\/h2>\n<p>[\/et_pb_text][\/et_pb_column][\/et_pb_row][\/et_pb_section][et_pb_section fb_built=&#8221;1&#8243; admin_label=&#8221;Section&#8221; _builder_version=&#8221;4.27.5&#8243; _module_preset=&#8221;default&#8221; custom_padding=&#8221;1px|||||&#8221; da_disable_devices=&#8221;off|off|off&#8221; global_colors_info=&#8221;{}&#8221; da_is_popup=&#8221;off&#8221; da_exit_intent=&#8221;off&#8221; da_has_close=&#8221;on&#8221; da_alt_close=&#8221;off&#8221; da_dark_close=&#8221;off&#8221; da_not_modal=&#8221;on&#8221; da_is_singular=&#8221;off&#8221; da_with_loader=&#8221;off&#8221; da_has_shadow=&#8221;on&#8221;][et_pb_row column_structure=&#8221;1_3,1_3,1_3&#8243; use_custom_gutter=&#8221;on&#8221; gutter_width=&#8221;1&#8243; _builder_version=&#8221;4.27.5&#8243; _module_preset=&#8221;default&#8221; width=&#8221;100%&#8221; max_width=&#8221;1995px&#8221; global_colors_info=&#8221;{}&#8221;][et_pb_column type=&#8221;1_3&#8243; _builder_version=&#8221;4.27.5&#8243; _module_preset=&#8221;default&#8221; global_colors_info=&#8221;{}&#8221;][et_pb_image src=&#8221;https:\/\/innovationleaders.club\/wp-content\/uploads\/2026\/02\/pascal_hamel_headshot.png&#8221; title_text=&#8221;pascal_hamel_headshot&#8221; show_bottom_space=&#8221;off&#8221; align=&#8221;center&#8221; _builder_version=&#8221;4.27.5&#8243; _module_preset=&#8221;default&#8221; width=&#8221;100%&#8221; max_width=&#8221;100%&#8221; max_height=&#8221;300px&#8221; custom_margin=&#8221;|0px||0px|false|false&#8221; custom_padding=&#8221;|0px||0px|false|false&#8221; border_radii=&#8221;on|350px|350px|350px|350px&#8221; border_width_all=&#8221;2px&#8221; border_color_all=&#8221;#22779e&#8221; global_colors_info=&#8221;{}&#8221;][\/et_pb_image][et_pb_text _builder_version=&#8221;4.27.5&#8243; _module_preset=&#8221;default&#8221; text_font=&#8221;Arial||||||||&#8221; text_font_size=&#8221;20px&#8221; text_line_height=&#8221;1.2em&#8221; header_3_font=&#8221;|700||on|||||&#8221; header_3_font_size=&#8221;26px&#8221; header_4_font=&#8221;|600|||||||&#8221; header_4_text_color=&#8221;#0C71C3&#8243; header_4_font_size=&#8221;21px&#8221; custom_margin=&#8221;||15px||false|false&#8221; custom_padding=&#8221;|31px||31px||true&#8221; global_colors_info=&#8221;{}&#8221;]<\/p>\n<h3 style=\"text-align: center;\"><\/h3>\n<h3 style=\"text-align: center;\"><\/h3>\n<h3 style=\"text-align: center;\">Pascal<br \/>Hamel<\/h3>\n<h4 style=\"text-align: center;\">Mirego<\/h4>\n<h5 style=\"text-align: center;\">Vice-pr\u00e9sident<em> IA<\/em><\/h5>\n<p>[\/et_pb_text][et_pb_text _builder_version=&#8221;4.27.6&#8243; _module_preset=&#8221;default&#8221; text_font=&#8221;Arial||||||||&#8221; text_text_color=&#8221;#22779e&#8221; text_font_size=&#8221;18px&#8221; text_line_height=&#8221;1.2em&#8221; header_3_font=&#8221;|700||on|||||&#8221; header_3_font_size=&#8221;26px&#8221; header_4_font=&#8221;|600|||||||&#8221; header_4_text_color=&#8221;#22779e&#8221; header_4_font_size=&#8221;21px&#8221; custom_margin=&#8221;||35px|||&#8221; custom_padding=&#8221;|31px||31px||true&#8221; locked=&#8221;off&#8221; global_colors_info=&#8221;{}&#8221;]<\/p>\n<h1 style=\"text-align: center;\"><span style=\"color: #22779e;\"><strong>Implanter l\u2019IA g\u00e9n\u00e9rative \u00e0 travers son organisation<\/strong><\/span><\/h1>\n<p style=\"text-align: justify;\"><span style=\"color: #22779e;\">Beaucoup d\u2019organisations testent l\u2019IA. Peu r\u00e9ussissent \u00e0 la d\u00e9ployer \u00e0 grande \u00e9chelle. Cette \u00e9tude de cas pr\u00e9sente comment Premier Tech, accompagn\u00e9e par Mirego, est pass\u00e9 de projets IA ponctuels \u00e0 une int\u00e9gration structur\u00e9e au c\u0153ur de ses op\u00e9rations. Le segment propose un retour d\u2019exp\u00e9rience pragmatique, appuy\u00e9 par des exemples concrets, sur les d\u00e9cisions prises pour structurer les usages de l\u2019IA, en favoriser l\u2019adoption par les \u00e9quipes et am\u00e9liorer l\u2019efficacit\u00e9 op\u00e9rationnelle dans un contexte d\u2019innovation.<\/span><\/p>\n<p>[\/et_pb_text][et_pb_text _builder_version=&#8221;4.27.6&#8243; _module_preset=&#8221;default&#8221; text_font=&#8221;Arial||||||||&#8221; text_text_color=&#8221;#000000&#8243; text_font_size=&#8221;18px&#8221; text_line_height=&#8221;1.2em&#8221; header_3_font=&#8221;|700||on|||||&#8221; header_3_font_size=&#8221;26px&#8221; header_4_font=&#8221;|600|||||||&#8221; header_4_text_color=&#8221;#0C71C3&#8243; header_4_font_size=&#8221;21px&#8221; custom_margin=&#8221;||35px|||&#8221; custom_padding=&#8221;|31px||31px||true&#8221; global_colors_info=&#8221;{}&#8221;]<\/p>\n<p style=\"text-align: justify;\">Pascal d\u00e9veloppe des applications et dirige des \u00e9quipes de d\u00e9veloppement depuis pr\u00e8s de 20 ans. Ayant commenc\u00e9 comme d\u00e9veloppeur, il est ensuite devenu CTO au sein de deux entreprises en d\u00e9marrage. Chez Mirego, il a occup\u00e9 une vari\u00e9t\u00e9 de r\u00f4les, notamment d\u00e9veloppeur web et mobile, Scrum Master, Product Owner, d\u00e9veloppeur lead et VP d\u00e9veloppement logiciel. \u00c0 titre de Vice-Pr\u00e9sident, Intelligence Artificielle, Pascal dirige maintenant l\u2019\u00e9quipe de d\u00e9veloppement IA et le portfolio de solutions d\u2019IA chez Mirego.<\/p>\n<p>[\/et_pb_text][\/et_pb_column][et_pb_column type=&#8221;1_3&#8243; _builder_version=&#8221;4.27.5&#8243; _module_preset=&#8221;default&#8221; global_colors_info=&#8221;{}&#8221;][et_pb_image src=&#8221;https:\/\/innovationleaders.club\/wp-content\/uploads\/2026\/02\/Sandrine-Milante-photo.jpg&#8221; title_text=&#8221;Sandrine-Milante-photo&#8221; show_bottom_space=&#8221;off&#8221; align=&#8221;center&#8221; _builder_version=&#8221;4.27.5&#8243; _module_preset=&#8221;default&#8221; width=&#8221;100%&#8221; max_width=&#8221;100%&#8221; max_height=&#8221;300px&#8221; custom_margin=&#8221;|0px||0px|false|false&#8221; custom_padding=&#8221;|0px||0px|false|false&#8221; border_radii=&#8221;on|350px|350px|350px|350px&#8221; border_width_all=&#8221;2px&#8221; border_color_all=&#8221;#22779e&#8221; global_colors_info=&#8221;{}&#8221;][\/et_pb_image][et_pb_text _builder_version=&#8221;4.27.5&#8243; _module_preset=&#8221;default&#8221; text_font=&#8221;Arial||||||||&#8221; text_font_size=&#8221;20px&#8221; text_line_height=&#8221;1.2em&#8221; header_3_font=&#8221;|700||on|||||&#8221; header_3_font_size=&#8221;26px&#8221; header_4_font=&#8221;|600|||||||&#8221; header_4_text_color=&#8221;#0C71C3&#8243; header_4_font_size=&#8221;21px&#8221; custom_margin=&#8221;||15px||false|false&#8221; custom_padding=&#8221;|31px||31px||true&#8221; global_colors_info=&#8221;{}&#8221;]<\/p>\n<h3 style=\"text-align: center;\"><\/h3>\n<h3 style=\"text-align: center;\"><\/h3>\n<h3 style=\"text-align: center;\">Sandrine<br \/>Milante<\/h3>\n<h4 style=\"text-align: center;\">Ecolopharm<\/h4>\n<h5 style=\"text-align: center;\">CEO et fondatrice<\/h5>\n<p>[\/et_pb_text][et_pb_text _builder_version=&#8221;4.27.6&#8243; _module_preset=&#8221;default&#8221; text_font=&#8221;Arial||||||||&#8221; text_text_color=&#8221;#22779e&#8221; text_font_size=&#8221;18px&#8221; text_line_height=&#8221;1.2em&#8221; header_3_font=&#8221;|700||on|||||&#8221; header_3_font_size=&#8221;26px&#8221; header_4_font=&#8221;|600|||||||&#8221; header_4_text_color=&#8221;#22779e&#8221; header_4_font_size=&#8221;21px&#8221; custom_margin=&#8221;||35px|||&#8221; custom_padding=&#8221;|31px||31px||true&#8221; locked=&#8221;off&#8221; global_colors_info=&#8221;{}&#8221;]<\/p>\n<h1 style=\"text-align: center;\"><span style=\"color: #22779e;\"><strong>Innover avec des valeurs BCORP<\/strong><\/span><\/h1>\n<p style=\"text-align: justify;\"><span style=\"color: #22779e;\">Les rigoureuses exigences de la certification B Corp, souvent per\u00e7ues comme contraignantes, peuvent consistent en de puissants leviers d\u2019innovation. En s\u2019appuyant sur des piliers tels la gouvernance, l&#8217;environnement, les employ\u00e9s, la communaut\u00e9 et les clients, les entreprises structurent leurs actions, optimisent leurs op\u00e9rations et instaurent une am\u00e9lioration continue cr\u00e9atrice de valeur durable. Elles peuvent ainsi transformer l\u2019exigence en avantage concurrentiel.<\/span><\/p>\n<p>[\/et_pb_text][et_pb_text _builder_version=&#8221;4.27.6&#8243; _module_preset=&#8221;default&#8221; text_font=&#8221;Arial||||||||&#8221; text_text_color=&#8221;#000000&#8243; text_font_size=&#8221;18px&#8221; text_line_height=&#8221;1.2em&#8221; header_3_font=&#8221;|700||on|||||&#8221; header_3_font_size=&#8221;26px&#8221; header_4_font=&#8221;|600|||||||&#8221; header_4_text_color=&#8221;#0C71C3&#8243; header_4_font_size=&#8221;21px&#8221; custom_margin=&#8221;||35px|||&#8221; custom_padding=&#8221;|31px||31px||true&#8221; global_colors_info=&#8221;{}&#8221;]<\/p>\n<p style=\"text-align: justify;\">Fondatrice et PDG d\u2019EcoloPharm, Sandrine Milante est une entrepreneure visionnaire engag\u00e9e dans la transformation durable des pharmacies. Issue de l\u2019industrie du plastique conventionnel, elle a transform\u00e9 l\u2019entreprise familiale en misant sur le potentiel de l\u2019\u00e9coconception. Depuis 2009, elle d\u00e9veloppe des solutions d\u2019emballages alliant performance en laboratoire et r\u00e9duction de l\u2019impact environnemental, positionnant EcoloPharm comme un leader reconnu de l\u2019innovation responsable.<\/p>\n<p>[\/et_pb_text][\/et_pb_column][et_pb_column type=&#8221;1_3&#8243; _builder_version=&#8221;4.27.5&#8243; _module_preset=&#8221;default&#8221; global_colors_info=&#8221;{}&#8221;][et_pb_image src=&#8221;https:\/\/innovationleaders.club\/wp-content\/uploads\/2026\/03\/Luc-Ludovic-photo-temp-v2.jpg&#8221; title_text=&#8221;Luc &#8211; Ludovic photo temp v2&#8243; show_bottom_space=&#8221;off&#8221; align=&#8221;center&#8221; _builder_version=&#8221;4.27.6&#8243; _module_preset=&#8221;default&#8221; width=&#8221;100%&#8221; max_width=&#8221;100%&#8221; max_height=&#8221;300px&#8221; custom_margin=&#8221;|0px||0px|false|false&#8221; custom_padding=&#8221;|0px||0px|false|false&#8221; border_radii=&#8221;on|350px|350px|350px|350px&#8221; border_width_all=&#8221;2px&#8221; border_color_all=&#8221;#22779e&#8221; global_colors_info=&#8221;{}&#8221;][\/et_pb_image][et_pb_text _builder_version=&#8221;4.27.6&#8243; _module_preset=&#8221;default&#8221; text_font=&#8221;Arial||||||||&#8221; text_font_size=&#8221;20px&#8221; text_line_height=&#8221;1.2em&#8221; header_3_font=&#8221;|700||on|||||&#8221; header_3_font_size=&#8221;26px&#8221; header_4_font=&#8221;|600|||||||&#8221; header_4_text_color=&#8221;#0C71C3&#8243; header_4_font_size=&#8221;21px&#8221; custom_margin=&#8221;||15px||false|false&#8221; custom_padding=&#8221;|31px||31px||true&#8221; locked=&#8221;off&#8221; global_colors_info=&#8221;{}&#8221;]<\/p>\n<h3 style=\"text-align: center;\"><\/h3>\n<h3 style=\"text-align: center;\"><\/h3>\n<h3 style=\"text-align: center;\">Benoit Labb\u00e9 \/<br \/>LUDOVIC SOUCISSE<\/h3>\n<h4 style=\"text-align: center;\">Conseil de l\u2019innovation du Qu\u00e9bec \/ R\u00e9seau CCTT<\/h4>\n<h5 style=\"text-align: center;\">Directeur g\u00e9n\u00e9ral adjoint \/ PDG<\/h5>\n<p>[\/et_pb_text][et_pb_text _builder_version=&#8221;4.27.6&#8243; _module_preset=&#8221;default&#8221; text_font=&#8221;Arial||||||||&#8221; text_text_color=&#8221;#22779e&#8221; text_font_size=&#8221;18px&#8221; text_line_height=&#8221;1.2em&#8221; header_3_font=&#8221;|700||on|||||&#8221; header_3_font_size=&#8221;26px&#8221; header_4_font=&#8221;|600|||||||&#8221; header_4_text_color=&#8221;#22779e&#8221; header_4_font_size=&#8221;21px&#8221; custom_margin=&#8221;||35px|||&#8221; custom_padding=&#8221;|31px||31px||true&#8221; locked=&#8221;off&#8221; global_colors_info=&#8221;{}&#8221;]<\/p>\n<h1 style=\"text-align: center;\"><span style=\"color: #22779e;\"><strong>Maximiser les leviers financiers et l\u2019\u00e9cosyst\u00e8me pour innover<\/strong><\/span><\/h1>\n<p style=\"text-align: justify;\"><span style=\"color: #22779e;\">Maximisez-vous les leviers de financement et les expertises disponibles pour d\u00e9risquer vos projets d\u2019innovation ? L\u2019\u00e9cosyst\u00e8me de soutien en innovation du Qu\u00e9bec est riche et diversifi\u00e9. D\u00e9couvrez les principaux m\u00e9canismes de soutien \u00e0 votre disposition et les expertises de calibre international capable d\u2019accro\u00eetre la profondeur et la port\u00e9e de vos projets d\u2019innovation.<\/span><\/p>\n<p>[\/et_pb_text][et_pb_text _builder_version=&#8221;4.27.6&#8243; _module_preset=&#8221;default&#8221; text_font=&#8221;Arial||||||||&#8221; text_text_color=&#8221;#000000&#8243; text_font_size=&#8221;18px&#8221; text_line_height=&#8221;1.2em&#8221; header_3_font=&#8221;|700||on|||||&#8221; header_3_font_size=&#8221;26px&#8221; header_4_font=&#8221;|600|||||||&#8221; header_4_text_color=&#8221;#0C71C3&#8243; header_4_font_size=&#8221;21px&#8221; custom_margin=&#8221;||35px|||&#8221; custom_padding=&#8221;|31px||31px||true&#8221; global_colors_info=&#8221;{}&#8221;]<\/p>\n<p style=\"text-align: justify;\">Directeur g\u00e9n\u00e9ral adjoint du Conseil de l&#8217;innovation du Qu\u00e9bec, Benoit Labb\u00e9 contribue \u00e0 l&#8217;effort collectif de b\u00e2tir des \u00e9cosyst\u00e8mes pertinents pour les entreprises, en acc\u00e9l\u00e9rant les collaborations au service de l\u2019innovation qu\u00e9b\u00e9coise. Son mandat s\u2019inscrit en continuit\u00e9 des projets structurants r\u00e9alis\u00e9s pr\u00e9c\u00e9demment chez TechnoMontr\u00e9al et PROMPT. Benoit est reconnu pour sa capacit\u00e9 \u00e0 mobiliser, structurer et faire avancer les partenariats, tout en pr\u00e9servant rigueur, vision et sens du collectif. Son parcours t\u00e9moigne d\u2019un engagement profond envers un Qu\u00e9bec plus innovant, plus connect\u00e9 et plus ambitieux.<\/p>\n<p>[\/et_pb_text][\/et_pb_column][\/et_pb_row][et_pb_row _builder_version=&#8221;4.27.5&#8243; _module_preset=&#8221;default&#8221; global_colors_info=&#8221;{}&#8221;][et_pb_column type=&#8221;4_4&#8243; _builder_version=&#8221;4.27.5&#8243; _module_preset=&#8221;default&#8221; global_colors_info=&#8221;{}&#8221;][et_pb_text _builder_version=&#8221;4.27.5&#8243; _module_preset=&#8221;default&#8221; header_2_font=&#8221;&#8211;et_global_heading_font|700|||||||&#8221; header_2_text_color=&#8221;#22779e&#8221; header_2_font_size=&#8221;40px&#8221; custom_margin=&#8221;||0px|||&#8221; custom_padding=&#8221;||0px|||&#8221; global_colors_info=&#8221;{}&#8221;]<\/p>\n<h2 style=\"text-align: center;\">Tables d\u2019\u00e9changes<\/h2>\n<p>[\/et_pb_text][\/et_pb_column][\/et_pb_row][et_pb_row column_structure=&#8221;1_2,1_2&#8243; use_custom_gutter=&#8221;on&#8221; gutter_width=&#8221;1&#8243; _builder_version=&#8221;4.27.6&#8243; _module_preset=&#8221;default&#8221; width=&#8221;74%&#8221; max_width=&#8221;1995px&#8221; global_colors_info=&#8221;{}&#8221;][et_pb_column type=&#8221;1_2&#8243; _builder_version=&#8221;4.27.5&#8243; _module_preset=&#8221;default&#8221; global_colors_info=&#8221;{}&#8221;][et_pb_text _builder_version=&#8221;4.27.6&#8243; _module_preset=&#8221;default&#8221; text_font=&#8221;Arial||||||||&#8221; text_text_color=&#8221;#000000&#8243; text_font_size=&#8221;18px&#8221; text_line_height=&#8221;1.2em&#8221; header_3_font=&#8221;|700||on|||||&#8221; header_3_font_size=&#8221;26px&#8221; header_4_font=&#8221;|600|||||||&#8221; header_4_text_color=&#8221;#0C71C3&#8243; header_4_font_size=&#8221;21px&#8221; custom_margin=&#8221;||35px|||&#8221; custom_padding=&#8221;|31px||31px||true&#8221; global_colors_info=&#8221;{}&#8221;]<\/p>\n<h4 style=\"text-align: center;\"><strong>Th\u00e9matique 3: <\/strong><\/h4>\n<h2 style=\"text-align: center;\"><strong>Aligner l&#8217;innovation avec la strat\u00e9gie de l&#8217;organisation<\/strong><\/h2>\n<p style=\"text-align: justify;\">Comment relier concr\u00e8tement les initiatives d\u2019innovation \u00e0 la strat\u00e9gie de l\u2019organisation\u202f? Cette table d\u2019\u00e9changes propose de partager des approches pour clarifier les priorit\u00e9s, orienter les choix et guider les arbitrages. Les participants exploreront des fa\u00e7ons pragmatiques de structurer l\u2019innovation afin qu\u2019elle soutienne directement les orientations strat\u00e9giques et les enjeux \u00e0 long terme.<\/p>\n<p>[\/et_pb_text][\/et_pb_column][et_pb_column type=&#8221;1_2&#8243; _builder_version=&#8221;4.27.5&#8243; _module_preset=&#8221;default&#8221; global_colors_info=&#8221;{}&#8221;][et_pb_text _builder_version=&#8221;4.27.6&#8243; _module_preset=&#8221;default&#8221; text_font=&#8221;Arial||||||||&#8221; text_text_color=&#8221;#000000&#8243; text_font_size=&#8221;18px&#8221; text_line_height=&#8221;1.2em&#8221; header_3_font=&#8221;|700||on|||||&#8221; header_3_font_size=&#8221;26px&#8221; header_4_font=&#8221;|600|||||||&#8221; header_4_text_color=&#8221;#0C71C3&#8243; header_4_font_size=&#8221;21px&#8221; custom_margin=&#8221;||35px|||&#8221; custom_padding=&#8221;|31px||31px||true&#8221; global_colors_info=&#8221;{}&#8221;]<\/p>\n<h4 style=\"text-align: center;\"><strong>Th\u00e9matique 4:<\/strong><\/h4>\n<h2 style=\"text-align: center;\"><strong>Acc\u00e9l\u00e9rer la vitesse du processus d\u2019innovation<\/strong><\/h2>\n<p style=\"text-align: justify;\">Les discussion se concentretont sur les moyens concrets d\u2019acc\u00e9l\u00e9rer le processus d\u2019innovation. Les participants identifieront o\u00f9 le rythme ralentit \u2014 validation, priorisation, exp\u00e9rimentation ou mise en \u0153uvre \u2014 et comment lever ces freins. Les participants partageront des pratiques pour simplifier les parcours, raccourcir les cycles et gagner en fluidit\u00e9 tout au long du processus d\u2019innovation.<\/p>\n<p>[\/et_pb_text][\/et_pb_column][\/et_pb_row][\/et_pb_section][et_pb_section fb_built=&#8221;1&#8243; admin_label=&#8221;Section&#8221; module_id=&#8221;PM1&#8243; _builder_version=&#8221;4.27.5&#8243; _module_preset=&#8221;default&#8221; background_color=&#8221;#22779e&#8221; custom_padding=&#8221;12px||0px|||&#8221; da_popup_slug=&#8221;PM1&#8243; da_disable_devices=&#8221;off|off|off&#8221; global_colors_info=&#8221;{}&#8221; da_is_popup=&#8221;off&#8221; da_exit_intent=&#8221;off&#8221; da_has_close=&#8221;on&#8221; da_alt_close=&#8221;off&#8221; da_dark_close=&#8221;off&#8221; da_not_modal=&#8221;on&#8221; da_is_singular=&#8221;off&#8221; da_with_loader=&#8221;off&#8221; da_has_shadow=&#8221;on&#8221;][et_pb_row _builder_version=&#8221;4.27.5&#8243; _module_preset=&#8221;default&#8221; custom_margin=&#8221;-3px|auto||auto||&#8221; global_colors_info=&#8221;{}&#8221;][et_pb_column type=&#8221;4_4&#8243; _builder_version=&#8221;4.27.5&#8243; _module_preset=&#8221;default&#8221; global_colors_info=&#8221;{}&#8221;][et_pb_text _builder_version=&#8221;4.27.5&#8243; _module_preset=&#8221;default&#8221; header_2_font=&#8221;&#8211;et_global_heading_font|700|||||||&#8221; header_2_text_color=&#8221;#FFFFFF&#8221; header_2_font_size=&#8221;60px&#8221; custom_margin=&#8221;||0px|||&#8221; custom_padding=&#8221;||0px|||&#8221; global_colors_info=&#8221;{}&#8221;]<\/p>\n<h2 style=\"text-align: center;\">P\u00e9riode PM 1 : <strong>13h35 &#8211; 14h50<\/strong><\/h2>\n<p>[\/et_pb_text][\/et_pb_column][\/et_pb_row][\/et_pb_section][et_pb_section fb_built=&#8221;1&#8243; admin_label=&#8221;Section&#8221; _builder_version=&#8221;4.27.5&#8243; _module_preset=&#8221;default&#8221; custom_padding=&#8221;12px||0px|||&#8221; da_disable_devices=&#8221;off|off|off&#8221; global_colors_info=&#8221;{}&#8221; da_is_popup=&#8221;off&#8221; da_exit_intent=&#8221;off&#8221; da_has_close=&#8221;on&#8221; da_alt_close=&#8221;off&#8221; da_dark_close=&#8221;off&#8221; da_not_modal=&#8221;on&#8221; da_is_singular=&#8221;off&#8221; da_with_loader=&#8221;off&#8221; da_has_shadow=&#8221;on&#8221;][et_pb_row _builder_version=&#8221;4.27.5&#8243; _module_preset=&#8221;default&#8221; custom_margin=&#8221;-13px|auto||auto||&#8221; global_colors_info=&#8221;{}&#8221;][et_pb_column type=&#8221;4_4&#8243; _builder_version=&#8221;4.27.5&#8243; _module_preset=&#8221;default&#8221; global_colors_info=&#8221;{}&#8221;][et_pb_text _builder_version=&#8221;4.27.5&#8243; _module_preset=&#8221;default&#8221; header_2_font=&#8221;&#8211;et_global_heading_font|700|||||||&#8221; header_2_text_color=&#8221;#22779e&#8221; header_2_font_size=&#8221;40px&#8221; custom_margin=&#8221;||0px|||&#8221; custom_padding=&#8221;||0px|||&#8221; global_colors_info=&#8221;{}&#8221;]<\/p>\n<h2 style=\"text-align: center;\">Conf\u00e9renciers<\/h2>\n<p>[\/et_pb_text][\/et_pb_column][\/et_pb_row][\/et_pb_section][et_pb_section fb_built=&#8221;1&#8243; admin_label=&#8221;Section&#8221; _builder_version=&#8221;4.27.5&#8243; _module_preset=&#8221;default&#8221; custom_padding=&#8221;1px|||||&#8221; da_disable_devices=&#8221;off|off|off&#8221; global_colors_info=&#8221;{}&#8221; da_is_popup=&#8221;off&#8221; da_exit_intent=&#8221;off&#8221; da_has_close=&#8221;on&#8221; da_alt_close=&#8221;off&#8221; da_dark_close=&#8221;off&#8221; da_not_modal=&#8221;on&#8221; da_is_singular=&#8221;off&#8221; da_with_loader=&#8221;off&#8221; da_has_shadow=&#8221;on&#8221;][et_pb_row column_structure=&#8221;1_3,1_3,1_3&#8243; use_custom_gutter=&#8221;on&#8221; gutter_width=&#8221;1&#8243; _builder_version=&#8221;4.27.5&#8243; _module_preset=&#8221;default&#8221; width=&#8221;100%&#8221; max_width=&#8221;1995px&#8221; global_colors_info=&#8221;{}&#8221;][et_pb_column type=&#8221;1_3&#8243; _builder_version=&#8221;4.27.5&#8243; _module_preset=&#8221;default&#8221; global_colors_info=&#8221;{}&#8221;][et_pb_image src=&#8221;https:\/\/innovationleaders.club\/wp-content\/uploads\/2026\/02\/Marie-Josee-Lareau.jpg&#8221; title_text=&#8221;Marie-Josee-Lareau&#8221; show_bottom_space=&#8221;off&#8221; align=&#8221;center&#8221; _builder_version=&#8221;4.27.5&#8243; _module_preset=&#8221;default&#8221; width=&#8221;100%&#8221; max_width=&#8221;100%&#8221; max_height=&#8221;300px&#8221; custom_margin=&#8221;|0px||0px|false|false&#8221; custom_padding=&#8221;|0px||0px|false|false&#8221; border_radii=&#8221;on|350px|350px|350px|350px&#8221; border_width_all=&#8221;2px&#8221; border_color_all=&#8221;#22779e&#8221; global_colors_info=&#8221;{}&#8221;][\/et_pb_image][et_pb_text _builder_version=&#8221;4.27.6&#8243; _module_preset=&#8221;default&#8221; text_font=&#8221;Arial||||||||&#8221; text_font_size=&#8221;20px&#8221; text_line_height=&#8221;1.2em&#8221; header_3_font=&#8221;|700||on|||||&#8221; header_3_font_size=&#8221;26px&#8221; header_4_font=&#8221;|600|||||||&#8221; header_4_text_color=&#8221;#0C71C3&#8243; header_4_font_size=&#8221;21px&#8221; custom_margin=&#8221;||15px||false|false&#8221; custom_padding=&#8221;|31px||31px||true&#8221; global_colors_info=&#8221;{}&#8221;]<\/p>\n<h3 style=\"text-align: center;\"><\/h3>\n<h3 style=\"text-align: center;\"><\/h3>\n<h3 style=\"text-align: center;\">Marie-Jos\u00e9e<br \/>Lareau<\/h3>\n<h4 style=\"text-align: center;\">\u00c9cole de cirque de Verdun et Humance<\/h4>\n<h5 style=\"text-align: center;\">Directrice g\u00e9n\u00e9rale<\/h5>\n<p>[\/et_pb_text][et_pb_text _builder_version=&#8221;4.27.6&#8243; _module_preset=&#8221;default&#8221; text_font=&#8221;Arial||||||||&#8221; text_text_color=&#8221;#22779e&#8221; text_font_size=&#8221;18px&#8221; text_line_height=&#8221;1.2em&#8221; header_3_font=&#8221;|700||on|||||&#8221; header_3_font_size=&#8221;26px&#8221; header_4_font=&#8221;|600|||||||&#8221; header_4_text_color=&#8221;#22779e&#8221; header_4_font_size=&#8221;21px&#8221; custom_margin=&#8221;||35px|||&#8221; custom_padding=&#8221;|31px||31px||true&#8221; locked=&#8221;off&#8221; global_colors_info=&#8221;{}&#8221;]<\/p>\n<h1 style=\"text-align: center;\"><span style=\"color: #22779e;\"><strong>L\u2019humain au c\u0153ur de l\u2019innovation<\/strong><\/span><\/h1>\n<p style=\"text-align: justify;\"><span style=\"color: #22779e;\">\u00c0 l\u2019\u00e8re de l\u2019intelligence artificielle, l\u2019avantage concurrentiel de l\u2019humain \u00e9volue. Cette conf\u00e9rence interactive propose d\u2019explorer comment la posture, l\u2019attention et la qualit\u00e9 de l\u2019observation influencent notre capacit\u00e9 \u00e0 innover. Inspir\u00e9e notamment des travaux de Otto Scharmer, elle invite les participants \u00e0 r\u00e9fl\u00e9chir \u00e0 l\u2019importance de la perception, de l\u2019intuition et de l\u2019intelligence collective pour mobiliser des innovations plus pertinentes, dans un monde complexe et en transformation.<\/span><\/p>\n<p>[\/et_pb_text][et_pb_text _builder_version=&#8221;4.27.6&#8243; _module_preset=&#8221;default&#8221; text_font=&#8221;Arial||||||||&#8221; text_text_color=&#8221;#000000&#8243; text_font_size=&#8221;18px&#8221; text_line_height=&#8221;1.2em&#8221; header_3_font=&#8221;|700||on|||||&#8221; header_3_font_size=&#8221;26px&#8221; header_4_font=&#8221;|600|||||||&#8221; header_4_text_color=&#8221;#0C71C3&#8243; header_4_font_size=&#8221;21px&#8221; custom_margin=&#8221;||35px|||&#8221; custom_padding=&#8221;|31px||31px||true&#8221; global_colors_info=&#8221;{}&#8221;]<\/p>\n<p style=\"text-align: justify;\">Marie-Jos\u00e9e Lareau \u0153uvre depuis plus de 20 ans \u00e0 placer l\u2019humain au c\u0153ur de l\u2019innovation. Apr\u00e8s 10 ans au Cirque du Soleil comme coach artistique et responsable de formations, elle contribue aux programmes du centre d\u2019innovation. Chef de l\u2019innovation chez AbbVie, elle d\u00e9ploie des processus cr\u00e9atifs. Fondatrice d\u2019InnoveLab, puis actionnaire chez Humance, aujourd\u2019hui directrice g\u00e9n\u00e9rale de l\u2019\u00c9cole de cirque de Verdun, elle mobilise cr\u00e9ativit\u00e9, collaboration et leadership pour transformer les organisations et inspirer des environnements innovants.<\/p>\n<p>[\/et_pb_text][\/et_pb_column][et_pb_column type=&#8221;1_3&#8243; _builder_version=&#8221;4.27.5&#8243; _module_preset=&#8221;default&#8221; global_colors_info=&#8221;{}&#8221;][et_pb_image src=&#8221;https:\/\/innovationleaders.club\/wp-content\/uploads\/2026\/02\/1574771424265.jpg&#8221; title_text=&#8221;1574771424265&#8243; show_bottom_space=&#8221;off&#8221; align=&#8221;center&#8221; _builder_version=&#8221;4.27.5&#8243; _module_preset=&#8221;default&#8221; width=&#8221;100%&#8221; max_width=&#8221;100%&#8221; max_height=&#8221;300px&#8221; custom_margin=&#8221;|0px||0px|false|false&#8221; custom_padding=&#8221;|0px||0px|false|false&#8221; border_radii=&#8221;on|350px|350px|350px|350px&#8221; border_width_all=&#8221;2px&#8221; border_color_all=&#8221;#22779e&#8221; global_colors_info=&#8221;{}&#8221;][\/et_pb_image][et_pb_text _builder_version=&#8221;4.27.5&#8243; _module_preset=&#8221;default&#8221; text_font=&#8221;Arial||||||||&#8221; text_font_size=&#8221;20px&#8221; text_line_height=&#8221;1.2em&#8221; header_3_font=&#8221;|700||on|||||&#8221; header_3_font_size=&#8221;26px&#8221; header_4_font=&#8221;|600|||||||&#8221; header_4_text_color=&#8221;#0C71C3&#8243; header_4_font_size=&#8221;21px&#8221; custom_margin=&#8221;||15px||false|false&#8221; custom_padding=&#8221;|31px||31px||true&#8221; global_colors_info=&#8221;{}&#8221;]<\/p>\n<h3 style=\"text-align: center;\"><\/h3>\n<h3 style=\"text-align: center;\"><\/h3>\n<h3 style=\"text-align: center;\">\u00c9ric<br \/>Murray<\/h3>\n<h4 style=\"text-align: center;\">Kezber<\/h4>\n<h5 style=\"text-align: center;\">Directeur innovation<\/h5>\n<p>[\/et_pb_text][et_pb_text _builder_version=&#8221;4.27.6&#8243; _module_preset=&#8221;default&#8221; text_font=&#8221;Arial||||||||&#8221; text_text_color=&#8221;#22779e&#8221; text_font_size=&#8221;18px&#8221; text_line_height=&#8221;1.2em&#8221; header_3_font=&#8221;|700||on|||||&#8221; header_3_font_size=&#8221;26px&#8221; header_4_font=&#8221;|600|||||||&#8221; header_4_text_color=&#8221;#22779e&#8221; header_4_font_size=&#8221;21px&#8221; custom_margin=&#8221;||35px|||&#8221; custom_padding=&#8221;|31px||31px||true&#8221; locked=&#8221;off&#8221; global_colors_info=&#8221;{}&#8221;]<\/p>\n<h1 style=\"text-align: center;\"><span style=\"color: #22779e;\"><strong>Innover dans un contexte logiciel<\/strong><\/span><\/h1>\n<p style=\"text-align: justify;\"><span style=\"color: #22779e;\">L\u2019innovation en d\u00e9veloppement logiciel entre dans une nouvelle \u00e8re gr\u00e2ce \u00e0 l\u2019intelligence artificielle. Cette conf\u00e9rence explore comment l\u2019IA transforme chaque \u00e9tape du cycle de d\u00e9veloppement : prototypage rapide, conception fonctionnelle, r\u00e9daction de cas d\u2019usage, automatisation des tests et revue de code. Nous aborderons \u00e9galement l\u2019\u00e9mergence des agents IA comme v\u00e9ritables co\u00e9quipiers, permettant d\u2019accro\u00eetre significativement la productivit\u00e9 et la qualit\u00e9 des livrables.<\/span><\/p>\n<p>[\/et_pb_text][et_pb_text _builder_version=&#8221;4.27.6&#8243; _module_preset=&#8221;default&#8221; text_font=&#8221;Arial||||||||&#8221; text_text_color=&#8221;#000000&#8243; text_font_size=&#8221;18px&#8221; text_line_height=&#8221;1.2em&#8221; header_3_font=&#8221;|700||on|||||&#8221; header_3_font_size=&#8221;26px&#8221; header_4_font=&#8221;|600|||||||&#8221; header_4_text_color=&#8221;#0C71C3&#8243; header_4_font_size=&#8221;21px&#8221; custom_margin=&#8221;||35px|||&#8221; custom_padding=&#8221;|31px||31px||true&#8221; global_colors_info=&#8221;{}&#8221;]<\/p>\n<p style=\"text-align: justify;\">Fort de plus de dix ans chez Kezber, Eric accompagne les organisations dans l\u2019int\u00e9gration de l\u2019IA, l\u2019automatisation des processus et le d\u00e9veloppement de solutions technologiques innovantes. Dipl\u00f4m\u00e9 en g\u00e9nie des technologies de l\u2019information de l\u2019\u00c9cole de technologie sup\u00e9rieure, il a \u00e9galement suivi des programmes ex\u00e9cutifs de renom, dont Artificial Intelligence: Implications for Business Strategy au Massachusetts Institute of Technology \u2013 Sloan School of Management. Ce parcours fait de lui une r\u00e9f\u00e9rence reconnue dans le domaine de l\u2019IA.<\/p>\n<p>[\/et_pb_text][\/et_pb_column][et_pb_column type=&#8221;1_3&#8243; _builder_version=&#8221;4.27.5&#8243; _module_preset=&#8221;default&#8221; global_colors_info=&#8221;{}&#8221;][et_pb_image src=&#8221;https:\/\/innovationleaders.club\/wp-content\/uploads\/2026\/03\/Olivier-Samuel.jpg&#8221; title_text=&#8221;Olivier &#8211; Samuel&#8221; show_bottom_space=&#8221;off&#8221; align=&#8221;center&#8221; _builder_version=&#8221;4.27.6&#8243; _module_preset=&#8221;default&#8221; width=&#8221;100%&#8221; max_width=&#8221;100%&#8221; max_height=&#8221;300px&#8221; custom_margin=&#8221;|0px||0px|false|false&#8221; custom_padding=&#8221;|0px||0px|false|false&#8221; border_radii=&#8221;on|350px|350px|350px|350px&#8221; border_width_all=&#8221;2px&#8221; border_color_all=&#8221;#22779e&#8221; global_colors_info=&#8221;{}&#8221;][\/et_pb_image][et_pb_text _builder_version=&#8221;4.27.5&#8243; _module_preset=&#8221;default&#8221; text_font=&#8221;Arial||||||||&#8221; text_font_size=&#8221;20px&#8221; text_line_height=&#8221;1.2em&#8221; header_3_font=&#8221;|700||on|||||&#8221; header_3_font_size=&#8221;26px&#8221; header_4_font=&#8221;|600|||||||&#8221; header_4_text_color=&#8221;#0C71C3&#8243; header_4_font_size=&#8221;21px&#8221; custom_margin=&#8221;||15px||false|false&#8221; custom_padding=&#8221;|31px||31px||true&#8221; locked=&#8221;off&#8221; global_colors_info=&#8221;{}&#8221;]<\/p>\n<h3 style=\"text-align: center;\"><\/h3>\n<h3 style=\"text-align: center;\"><\/h3>\n<h3 style=\"text-align: center;\">OLIVIER THOMAS \/ <br \/>SAMUEL L. AUDET<\/h3>\n<h4 style=\"text-align: center;\">Centech \/ Qu\u00e9bectech<\/h4>\n<h5 style=\"text-align: center;\">Conseiller en innovation ouverte \/ Gestionnaire Adoption Tech<\/h5>\n<p>[\/et_pb_text][et_pb_text _builder_version=&#8221;4.27.6&#8243; _module_preset=&#8221;default&#8221; text_font=&#8221;Arial||||||||&#8221; text_text_color=&#8221;#22779e&#8221; text_font_size=&#8221;18px&#8221; text_line_height=&#8221;1.2em&#8221; header_3_font=&#8221;|700||on|||||&#8221; header_3_font_size=&#8221;26px&#8221; header_4_font=&#8221;|600|||||||&#8221; header_4_text_color=&#8221;#22779e&#8221; header_4_font_size=&#8221;21px&#8221; custom_margin=&#8221;||35px|||&#8221; custom_padding=&#8221;|31px||31px||true&#8221; locked=&#8221;off&#8221; global_colors_info=&#8221;{}&#8221;]<\/p>\n<h1 style=\"text-align: center;\"><span style=\"color: #22779e;\"><strong>Innover avec une start-up \/ scale-up<\/strong><\/span><\/h1>\n<p style=\"text-align: justify;\"><span style=\"color: #22779e;\">Cette conf\u00e9rence propose de plonger au c\u0153ur de la collaboration avec des startups et scale-ups pour acc\u00e9l\u00e9rer vos projets d\u2019innovation. \u00c0 travers des \u00e9changes concrets, des retours d\u2019exp\u00e9rience de l&#8217;industrie et des mises en perspective, vous explorerez ce que ces jeunes entreprises peuvent r\u00e9ellement apporter, les bonnes pratiques \u00e0 adopter et les postures \u00e0 privil\u00e9gier. La conf\u00e9rence vous permettra \u00e9galement d\u2019identifier vos freins et de repartir avec des leviers concrets pour collaborer plus efficacement.<\/span><\/p>\n<p>[\/et_pb_text][et_pb_text _builder_version=&#8221;4.27.6&#8243; _module_preset=&#8221;default&#8221; text_font=&#8221;Arial||||||||&#8221; text_text_color=&#8221;#000000&#8243; text_font_size=&#8221;18px&#8221; text_line_height=&#8221;1.2em&#8221; header_3_font=&#8221;|700||on|||||&#8221; header_3_font_size=&#8221;26px&#8221; header_4_font=&#8221;|600|||||||&#8221; header_4_text_color=&#8221;#0C71C3&#8243; header_4_font_size=&#8221;21px&#8221; custom_margin=&#8221;||35px|||&#8221; custom_padding=&#8221;|31px||31px||true&#8221; global_colors_info=&#8221;{}&#8221;]<\/p>\n<p>Bas\u00e9 \u00e0 Montr\u00e9al, Olivier Thomas cumule 30 ans d\u2019exp\u00e9rience en ing\u00e9nierie, innovation et R-D. Lead du Collision Lab du Centech, il accompagne les collaborations entre grandes entreprises et startups technologiques, avec une expertise en projets complexes et innovation ouverte.<\/p>\n<p>[\/et_pb_text][et_pb_text _builder_version=&#8221;4.27.6&#8243; _module_preset=&#8221;default&#8221; text_font=&#8221;Arial||||||||&#8221; text_text_color=&#8221;#000000&#8243; text_font_size=&#8221;18px&#8221; text_line_height=&#8221;1.2em&#8221; header_3_font=&#8221;|700||on|||||&#8221; header_3_font_size=&#8221;26px&#8221; header_4_font=&#8221;|600|||||||&#8221; header_4_text_color=&#8221;#0C71C3&#8243; header_4_font_size=&#8221;21px&#8221; custom_margin=&#8221;||35px|||&#8221; custom_padding=&#8221;|31px||31px||true&#8221; global_colors_info=&#8221;{}&#8221;]<\/p>\n<p style=\"text-align: justify;\">Facilitateur et gestionnaire de l&#8217;innovation, Samuel L. Audet travaille \u00e0 la d\u00e9couvrabilit\u00e9 des technologies qu\u00e9b\u00e9coises aupr\u00e8s des entreprises \u00e9tablies chez Qu\u00e9bec Tech. Expert du Design Thinking, il transforme les d\u00e9fis organisationnels en opportunit\u00e9s d&#8217;innovation, pla\u00e7ant l&#8217;utilisateur au c\u0153ur du d\u00e9ploiement de solutions technologiques.<\/p>\n<p>[\/et_pb_text][\/et_pb_column][\/et_pb_row][et_pb_row _builder_version=&#8221;4.27.5&#8243; _module_preset=&#8221;default&#8221; global_colors_info=&#8221;{}&#8221;][et_pb_column type=&#8221;4_4&#8243; _builder_version=&#8221;4.27.5&#8243; _module_preset=&#8221;default&#8221; global_colors_info=&#8221;{}&#8221;][et_pb_text _builder_version=&#8221;4.27.5&#8243; _module_preset=&#8221;default&#8221; header_2_font=&#8221;&#8211;et_global_heading_font|700|||||||&#8221; header_2_text_color=&#8221;#22779e&#8221; header_2_font_size=&#8221;40px&#8221; custom_margin=&#8221;||0px|||&#8221; custom_padding=&#8221;||0px|||&#8221; global_colors_info=&#8221;{}&#8221;]<\/p>\n<h2 style=\"text-align: center;\">Tables d\u2019\u00e9changes<\/h2>\n<p>[\/et_pb_text][\/et_pb_column][\/et_pb_row][et_pb_row column_structure=&#8221;1_2,1_2&#8243; use_custom_gutter=&#8221;on&#8221; gutter_width=&#8221;1&#8243; _builder_version=&#8221;4.27.5&#8243; _module_preset=&#8221;default&#8221; width=&#8221;74%&#8221; max_width=&#8221;1995px&#8221; global_colors_info=&#8221;{}&#8221;][et_pb_column type=&#8221;1_2&#8243; _builder_version=&#8221;4.27.5&#8243; _module_preset=&#8221;default&#8221; global_colors_info=&#8221;{}&#8221;][et_pb_text _builder_version=&#8221;4.27.6&#8243; _module_preset=&#8221;default&#8221; text_font=&#8221;Arial||||||||&#8221; text_text_color=&#8221;#000000&#8243; text_font_size=&#8221;18px&#8221; text_line_height=&#8221;1.2em&#8221; header_3_font=&#8221;|700||on|||||&#8221; header_3_font_size=&#8221;26px&#8221; header_4_font=&#8221;|600|||||||&#8221; header_4_text_color=&#8221;#0C71C3&#8243; header_4_font_size=&#8221;21px&#8221; custom_margin=&#8221;||35px|||&#8221; custom_padding=&#8221;|31px||31px||true&#8221; global_colors_info=&#8221;{}&#8221;]<\/p>\n<h4 style=\"text-align: center;\"><strong>Th\u00e9matique 5: <\/strong><\/h4>\n<h2 style=\"text-align: center;\"><strong>Int\u00e9grer efficacement l\u2019IA g\u00e9n\u00e9rative<\/strong><\/h2>\n<p style=\"text-align: justify;\">Cette table d\u2019\u00e9changes s\u2019adresse aux gestionnaires qui souhaitent int\u00e9grer l\u2019IA g\u00e9n\u00e9rative de mani\u00e8re concr\u00e8te dans leurs pratiques d\u2019innovation. Les participants discuteront des usages qui apportent une r\u00e9elle valeur, des conditions n\u00e9cessaires \u00e0 une int\u00e9gration r\u00e9ussie, notamment l&#8217;encadrement, et des apprentissages issus de projets r\u00e9els. L\u2019objectif est de passer de l\u2019exp\u00e9rimentation \u00e0 une utilisation utile et durable de l\u2019IA.<\/p>\n<p>[\/et_pb_text][\/et_pb_column][et_pb_column type=&#8221;1_2&#8243; _builder_version=&#8221;4.27.5&#8243; _module_preset=&#8221;default&#8221; global_colors_info=&#8221;{}&#8221;][et_pb_text _builder_version=&#8221;4.27.6&#8243; _module_preset=&#8221;default&#8221; text_font=&#8221;Arial||||||||&#8221; text_text_color=&#8221;#000000&#8243; text_font_size=&#8221;18px&#8221; text_line_height=&#8221;1.2em&#8221; header_3_font=&#8221;|700||on|||||&#8221; header_3_font_size=&#8221;26px&#8221; header_4_font=&#8221;|600|||||||&#8221; header_4_text_color=&#8221;#0C71C3&#8243; header_4_font_size=&#8221;21px&#8221; custom_margin=&#8221;||35px|||&#8221; custom_padding=&#8221;|31px||31px||true&#8221; global_colors_info=&#8221;{}&#8221;]<\/p>\n<h4 style=\"text-align: center;\"><strong>Th\u00e9matique 6: <\/strong><\/h4>\n<h2 style=\"text-align: center;\"><strong>Favoriser les innovations strat\u00e9giques<\/strong><\/h2>\n<p style=\"text-align: justify;\">Comment prioriser des projets d\u2019innovation \u00e0 fort potentiel strat\u00e9gique? Les participants discuteront comment ils ont int\u00e9gr\u00e9 les demandes clients aux programmes d&#8217;innovation ou sinon comment ils les ont refus\u00e9s. Les \u00e9changes viseront \u00e0 partager des approches concr\u00e8tes sur les moyens de demeurer focalis\u00e9 et comment d\u00e9dier une partie importante de la capacit\u00e9 d\u2019innovation pour les projets \u00e0 fort potentiel strat\u00e9gique.<\/p>\n<p>[\/et_pb_text][\/et_pb_column][\/et_pb_row][\/et_pb_section][et_pb_section fb_built=&#8221;1&#8243; admin_label=&#8221;Section&#8221; module_id=&#8221;PM2&#8243; _builder_version=&#8221;4.27.5&#8243; _module_preset=&#8221;default&#8221; background_color=&#8221;#22779e&#8221; custom_padding=&#8221;12px||0px|||&#8221; da_popup_slug=&#8221;PM2&#8243; da_disable_devices=&#8221;off|off|off&#8221; global_colors_info=&#8221;{}&#8221; da_is_popup=&#8221;off&#8221; da_exit_intent=&#8221;off&#8221; da_has_close=&#8221;on&#8221; da_alt_close=&#8221;off&#8221; da_dark_close=&#8221;off&#8221; da_not_modal=&#8221;on&#8221; da_is_singular=&#8221;off&#8221; da_with_loader=&#8221;off&#8221; da_has_shadow=&#8221;on&#8221;][et_pb_row _builder_version=&#8221;4.27.5&#8243; _module_preset=&#8221;default&#8221; custom_margin=&#8221;-3px|auto||auto||&#8221; global_colors_info=&#8221;{}&#8221;][et_pb_column type=&#8221;4_4&#8243; _builder_version=&#8221;4.27.5&#8243; _module_preset=&#8221;default&#8221; global_colors_info=&#8221;{}&#8221;][et_pb_text _builder_version=&#8221;4.27.5&#8243; _module_preset=&#8221;default&#8221; header_2_font=&#8221;&#8211;et_global_heading_font|700|||||||&#8221; header_2_text_color=&#8221;#FFFFFF&#8221; header_2_font_size=&#8221;60px&#8221; custom_margin=&#8221;||0px|||&#8221; custom_padding=&#8221;||0px|||&#8221; global_colors_info=&#8221;{}&#8221;]<\/p>\n<h2 style=\"text-align: center;\">P\u00e9riode PM 2 : <strong>15h10 &#8211; 16h25<\/strong><\/h2>\n<p>[\/et_pb_text][\/et_pb_column][\/et_pb_row][\/et_pb_section][et_pb_section fb_built=&#8221;1&#8243; admin_label=&#8221;Section&#8221; _builder_version=&#8221;4.27.5&#8243; _module_preset=&#8221;default&#8221; custom_padding=&#8221;12px||0px|||&#8221; da_disable_devices=&#8221;off|off|off&#8221; global_colors_info=&#8221;{}&#8221; da_is_popup=&#8221;off&#8221; da_exit_intent=&#8221;off&#8221; da_has_close=&#8221;on&#8221; da_alt_close=&#8221;off&#8221; da_dark_close=&#8221;off&#8221; da_not_modal=&#8221;on&#8221; da_is_singular=&#8221;off&#8221; da_with_loader=&#8221;off&#8221; da_has_shadow=&#8221;on&#8221;][et_pb_row _builder_version=&#8221;4.27.5&#8243; _module_preset=&#8221;default&#8221; custom_margin=&#8221;-13px|auto||auto||&#8221; global_colors_info=&#8221;{}&#8221;][et_pb_column type=&#8221;4_4&#8243; _builder_version=&#8221;4.27.5&#8243; _module_preset=&#8221;default&#8221; global_colors_info=&#8221;{}&#8221;][et_pb_text _builder_version=&#8221;4.27.5&#8243; _module_preset=&#8221;default&#8221; header_2_font=&#8221;&#8211;et_global_heading_font|700|||||||&#8221; header_2_text_color=&#8221;#22779e&#8221; header_2_font_size=&#8221;40px&#8221; custom_margin=&#8221;||0px|||&#8221; custom_padding=&#8221;||0px|||&#8221; global_colors_info=&#8221;{}&#8221;]<\/p>\n<h2 style=\"text-align: center;\">Conf\u00e9renciers<\/h2>\n<p>[\/et_pb_text][\/et_pb_column][\/et_pb_row][\/et_pb_section][et_pb_section fb_built=&#8221;1&#8243; admin_label=&#8221;Section&#8221; _builder_version=&#8221;4.27.5&#8243; _module_preset=&#8221;default&#8221; custom_padding=&#8221;1px|||||&#8221; da_disable_devices=&#8221;off|off|off&#8221; global_colors_info=&#8221;{}&#8221; da_is_popup=&#8221;off&#8221; da_exit_intent=&#8221;off&#8221; da_has_close=&#8221;on&#8221; da_alt_close=&#8221;off&#8221; da_dark_close=&#8221;off&#8221; da_not_modal=&#8221;on&#8221; da_is_singular=&#8221;off&#8221; da_with_loader=&#8221;off&#8221; da_has_shadow=&#8221;on&#8221;][et_pb_row column_structure=&#8221;1_3,1_3,1_3&#8243; use_custom_gutter=&#8221;on&#8221; gutter_width=&#8221;1&#8243; _builder_version=&#8221;4.27.6&#8243; _module_preset=&#8221;default&#8221; width=&#8221;100%&#8221; max_width=&#8221;1995px&#8221; global_colors_info=&#8221;{}&#8221;][et_pb_column type=&#8221;1_3&#8243; _builder_version=&#8221;4.27.5&#8243; _module_preset=&#8221;default&#8221; global_colors_info=&#8221;{}&#8221;][et_pb_image src=&#8221;https:\/\/innovationleaders.club\/wp-content\/uploads\/2026\/02\/Daniel-Leblanc-Photo.jpg&#8221; title_text=&#8221;Daniel-Leblanc-Photo&#8221; show_bottom_space=&#8221;off&#8221; align=&#8221;center&#8221; _builder_version=&#8221;4.27.5&#8243; _module_preset=&#8221;default&#8221; width=&#8221;100%&#8221; max_width=&#8221;100%&#8221; max_height=&#8221;300px&#8221; custom_margin=&#8221;|0px||0px|false|false&#8221; custom_padding=&#8221;|0px||0px|false|false&#8221; border_radii=&#8221;on|350px|350px|350px|350px&#8221; border_width_all=&#8221;2px&#8221; border_color_all=&#8221;#22779e&#8221; global_colors_info=&#8221;{}&#8221;][\/et_pb_image][et_pb_text _builder_version=&#8221;4.27.6&#8243; _module_preset=&#8221;default&#8221; text_font=&#8221;Arial||||||||&#8221; text_font_size=&#8221;20px&#8221; text_line_height=&#8221;1.2em&#8221; header_3_font=&#8221;|700||on|||||&#8221; header_3_font_size=&#8221;26px&#8221; header_4_font=&#8221;|600|||||||&#8221; header_4_text_color=&#8221;#0C71C3&#8243; header_4_font_size=&#8221;21px&#8221; custom_margin=&#8221;||15px||false|false&#8221; custom_padding=&#8221;|31px||31px||true&#8221; border_color_all=&#8221;#22779e&#8221; locked=&#8221;off&#8221; global_colors_info=&#8221;{}&#8221;]<\/p>\n<h3 style=\"text-align: center;\"><\/h3>\n<h3 style=\"text-align: center;\"><\/h3>\n<h3 style=\"text-align: center;\">Daniel<br \/>Leblanc<\/h3>\n<h4 style=\"text-align: center;\">\u00a0inbe<\/h4>\n<h5 style=\"text-align: center;\">Co-fondateur \/ Expert dans la voix du client<\/h5>\n<p>[\/et_pb_text][et_pb_text _builder_version=&#8221;4.27.6&#8243; _module_preset=&#8221;default&#8221; text_font=&#8221;Arial||||||||&#8221; text_text_color=&#8221;#22779e&#8221; text_font_size=&#8221;18px&#8221; text_line_height=&#8221;1.2em&#8221; header_3_font=&#8221;|700||on|||||&#8221; header_3_font_size=&#8221;26px&#8221; header_4_font=&#8221;|600|||||||&#8221; header_4_text_color=&#8221;#22779e&#8221; header_4_font_size=&#8221;21px&#8221; custom_margin=&#8221;||35px|||&#8221; custom_padding=&#8221;|31px||31px||true&#8221; locked=&#8221;off&#8221; global_colors_info=&#8221;{}&#8221;]<\/p>\n<h1 style=\"text-align: center;\"><span style=\"color: #22779e;\"><strong>Oser tester ses innovations \u00e0 la vitesse des clients synth\u00e9tiques<\/strong><\/span><\/h1>\n<p style=\"text-align: justify;\"><span style=\"color: #22779e;\">Est-il possible de cibler ses opportunit\u00e9s et prioriser ses innovations plus rapidement que la concurrence, sans multiplier les risques ? Cette conf\u00e9rence propose d\u2019explorer comment les personas synth\u00e9tiques et l\u2019IA transforment les pratiques de recherche et de validation de march\u00e9 en amont de l\u2019innovation. En plus des \u00e9changes sur le sujet, vous aurez acc\u00e8s \u00e0 des cas concrets et \u00e0 la possibilit\u00e9 d\u2019interagir avec un persona synth\u00e9tique.<\/span><\/p>\n<p>[\/et_pb_text][et_pb_text _builder_version=&#8221;4.27.6&#8243; _module_preset=&#8221;default&#8221; text_font=&#8221;Arial||||||||&#8221; text_text_color=&#8221;#000000&#8243; text_font_size=&#8221;18px&#8221; text_line_height=&#8221;1.2em&#8221; header_3_font=&#8221;|700||on|||||&#8221; header_3_font_size=&#8221;26px&#8221; header_4_font=&#8221;|600|||||||&#8221; header_4_text_color=&#8221;#0C71C3&#8243; header_4_font_size=&#8221;21px&#8221; custom_margin=&#8221;||35px|||&#8221; custom_padding=&#8221;|31px||31px||true&#8221; global_colors_info=&#8221;{}&#8221;]<\/p>\n<p style=\"text-align: justify;\">Entrepreneur et cofondateur d\u2019inBe, Daniel Leblanc aide depuis plus de 20 ans des \u00e9quipes de d\u00e9veloppement de produits \u00e0 s\u00e9curiser leurs d\u00e9cisions avant d\u2019engager du capital. Sp\u00e9cialiste de la voix du client (VoC) et des approches Lean, il accompagne les organisations \u00e0 tester, prioriser et d\u00e9cider en amont gr\u00e2ce \u00e0 des m\u00e9thodes modernes, incluant l\u2019IA et les personas synth\u00e9tiques, afin de transformer les bonnes id\u00e9es en succ\u00e8s commercial.<\/p>\n<p>[\/et_pb_text][\/et_pb_column][et_pb_column type=&#8221;1_3&#8243; _builder_version=&#8221;4.27.5&#8243; _module_preset=&#8221;default&#8221; global_colors_info=&#8221;{}&#8221;][et_pb_image src=&#8221;https:\/\/innovationleaders.club\/wp-content\/uploads\/2026\/02\/Sonia-Choquette-photo.jpg&#8221; title_text=&#8221;Sonia Choquette photo&#8221; show_bottom_space=&#8221;off&#8221; align=&#8221;center&#8221; _builder_version=&#8221;4.27.6&#8243; _module_preset=&#8221;default&#8221; width=&#8221;100%&#8221; max_width=&#8221;100%&#8221; max_height=&#8221;300px&#8221; custom_margin=&#8221;|0px||0px|false|false&#8221; custom_padding=&#8221;|0px||0px|false|false&#8221; border_radii=&#8221;on|350px|350px|350px|350px&#8221; border_width_all=&#8221;2px&#8221; border_color_all=&#8221;#22779e&#8221; global_colors_info=&#8221;{}&#8221;][\/et_pb_image][et_pb_text _builder_version=&#8221;4.27.6&#8243; _module_preset=&#8221;default&#8221; text_font=&#8221;Arial||||||||&#8221; text_font_size=&#8221;20px&#8221; text_line_height=&#8221;1.2em&#8221; header_3_font=&#8221;|700||on|||||&#8221; header_3_font_size=&#8221;26px&#8221; header_4_font=&#8221;|600|||||||&#8221; header_4_text_color=&#8221;#0C71C3&#8243; header_4_font_size=&#8221;21px&#8221; custom_margin=&#8221;||15px||false|false&#8221; custom_padding=&#8221;|31px||31px||true&#8221; border_color_all=&#8221;#22779e&#8221; locked=&#8221;off&#8221; global_colors_info=&#8221;{}&#8221;]<\/p>\n<h3 style=\"text-align: center;\"><\/h3>\n<h3 style=\"text-align: center;\"><\/h3>\n<h3 style=\"text-align: center;\">Sonia<br \/>Choquette<\/h3>\n<h4 style=\"text-align: center;\">Fruit d\u2019Or<\/h4>\n<h5 style=\"text-align: center;\">Directrice principale marketing et innovation<\/h5>\n<p>[\/et_pb_text][et_pb_text _builder_version=&#8221;4.27.6&#8243; _module_preset=&#8221;default&#8221; text_font=&#8221;Arial||||||||&#8221; text_text_color=&#8221;#22779e&#8221; text_font_size=&#8221;18px&#8221; text_line_height=&#8221;1.2em&#8221; header_3_font=&#8221;|700||on|||||&#8221; header_3_font_size=&#8221;26px&#8221; header_4_font=&#8221;|600|||||||&#8221; header_4_text_color=&#8221;#22779e&#8221; header_4_font_size=&#8221;21px&#8221; custom_margin=&#8221;||35px|||&#8221; custom_padding=&#8221;|31px||31px||true&#8221; locked=&#8221;off&#8221; global_colors_info=&#8221;{}&#8221;]<\/p>\n<h1 style=\"text-align: center;\"><span style=\"color: #22779e;\"><strong>Optimiser son syst\u00e8me d&#8217;innovation avec les m\u00eames ressources<\/strong><\/span><\/h1>\n<p style=\"text-align: justify;\"><span style=\"color: #22779e;\">Cette conf\u00e9rence propose une approche pragmatique pour optimiser son syst\u00e8me d\u2019innovation sans ajouter de ressources. \u00c0 partir d\u2019exp\u00e9riences concr\u00e8tes, elle met en lumi\u00e8re des leviers pour mieux cadrer l\u2019innovation, simplifier les processus et mobiliser les \u00e9quipes. Lors de cette conf\u00e9rence, Sonia partage des cl\u00e9s concr\u00e8tes pour aider les leaders \u00e0 orchestrer l\u2019innovation, de la strat\u00e9gie \u00e0 l\u2019ex\u00e9cution, en restant agiles dans un environnement en constante \u00e9volution.<\/span><\/p>\n<p>[\/et_pb_text][et_pb_text _builder_version=&#8221;4.27.6&#8243; _module_preset=&#8221;default&#8221; text_font=&#8221;Arial||||||||&#8221; text_text_color=&#8221;#000000&#8243; text_font_size=&#8221;18px&#8221; text_line_height=&#8221;1.2em&#8221; header_3_font=&#8221;|700||on|||||&#8221; header_3_font_size=&#8221;26px&#8221; header_4_font=&#8221;|600|||||||&#8221; header_4_text_color=&#8221;#0C71C3&#8243; header_4_font_size=&#8221;21px&#8221; custom_margin=&#8221;||35px|||&#8221; custom_padding=&#8221;|31px||31px||true&#8221; global_colors_info=&#8221;{}&#8221;]<\/p>\n<p style=\"text-align: justify;\">Sonia Choquette est Directrice principale marketing et innovation chez Fruit d\u2019Or. Forte de plus de 20 ans d\u2019exp\u00e9rience au sein de grandes entreprises agroalimentaires telles que Danone et Olymel, elle a accompagn\u00e9 de nombreuses initiatives en structuration de strat\u00e9gies d\u2019innovation, en cadrage des projets et en mise en place de processus agiles orient\u00e9s r\u00e9sultats. Son approche humaine et collaborative vise \u00e0 relier efficacement les besoins des consommateurs aux enjeux strat\u00e9giques des organisations.<\/p>\n<p>[\/et_pb_text][\/et_pb_column][et_pb_column type=&#8221;1_3&#8243; _builder_version=&#8221;4.27.5&#8243; _module_preset=&#8221;default&#8221; global_colors_info=&#8221;{}&#8221;][et_pb_image src=&#8221;https:\/\/innovationleaders.club\/wp-content\/uploads\/2026\/03\/Patrick-Martin-photo.jpg&#8221; title_text=&#8221;Patrick Martin photo&#8221; show_bottom_space=&#8221;off&#8221; align=&#8221;center&#8221; _builder_version=&#8221;4.27.6&#8243; _module_preset=&#8221;default&#8221; width=&#8221;100%&#8221; max_width=&#8221;100%&#8221; max_height=&#8221;300px&#8221; custom_margin=&#8221;|0px||0px|false|false&#8221; custom_padding=&#8221;|0px||0px|false|false&#8221; border_radii=&#8221;on|350px|350px|350px|350px&#8221; border_width_all=&#8221;2px&#8221; border_color_all=&#8221;#22779e&#8221; global_colors_info=&#8221;{}&#8221;][\/et_pb_image][et_pb_text _builder_version=&#8221;4.27.6&#8243; _module_preset=&#8221;default&#8221; text_font=&#8221;Arial||||||||&#8221; text_font_size=&#8221;20px&#8221; text_line_height=&#8221;1.2em&#8221; header_3_font=&#8221;|700||on|||||&#8221; header_3_font_size=&#8221;26px&#8221; header_4_font=&#8221;|600|||||||&#8221; header_4_text_color=&#8221;#0C71C3&#8243; header_4_font_size=&#8221;21px&#8221; custom_margin=&#8221;||15px||false|false&#8221; custom_padding=&#8221;|31px||31px||true&#8221; border_color_all=&#8221;#22779e&#8221; locked=&#8221;off&#8221; global_colors_info=&#8221;{}&#8221;]<\/p>\n<h3 style=\"text-align: center;\"><\/h3>\n<h3 style=\"text-align: center;\"><\/h3>\n<h3 style=\"text-align: center;\">Patrick<br \/>Martin<\/h3>\n<h4 style=\"text-align: center;\">Groupe Canam<\/h4>\n<h5 style=\"text-align: center;\">Directeur innovation num\u00e9rique<\/h5>\n<p>[\/et_pb_text][et_pb_text _builder_version=&#8221;4.27.6&#8243; _module_preset=&#8221;default&#8221; text_font=&#8221;Arial||||||||&#8221; text_text_color=&#8221;#22779e&#8221; text_font_size=&#8221;18px&#8221; text_line_height=&#8221;1.2em&#8221; header_3_font=&#8221;|700||on|||||&#8221; header_3_font_size=&#8221;26px&#8221; header_4_font=&#8221;|600|||||||&#8221; header_4_text_color=&#8221;#22779e&#8221; header_4_font_size=&#8221;21px&#8221; custom_margin=&#8221;||35px|||&#8221; custom_padding=&#8221;|31px||31px||true&#8221; locked=&#8221;off&#8221; global_colors_info=&#8221;{}&#8221;]<\/p>\n<h1 style=\"text-align: center;\"><span style=\"color: #22779e;\"><strong>R\u00e9colter de la donn\u00e9e pour innover (Atelier)<\/strong><\/span><\/h1>\n<p style=\"text-align: justify;\"><span style=\"color: #22779e;\">Et si comprendre la donn\u00e9e ne passait pas par de la th\u00e9orie, mais par un jeu ? Cette conf\u00e9rence propose une exp\u00e9rience interactive o\u00f9 les participants \u00e9valuent des cas concrets et prennent des d\u00e9cisions comme en entreprise. En confrontant leurs choix, ils d\u00e9couvrent rapidement ce qui rend une donn\u00e9e r\u00e9ellement exploitable \u2014 et pourquoi certaines initiatives \u00e9chouent avant m\u00eame de commencer.<\/span><\/p>\n<p>[\/et_pb_text][et_pb_text _builder_version=&#8221;4.27.6&#8243; _module_preset=&#8221;default&#8221; text_font=&#8221;Arial||||||||&#8221; text_text_color=&#8221;#000000&#8243; text_font_size=&#8221;18px&#8221; text_line_height=&#8221;1.2em&#8221; header_3_font=&#8221;|700||on|||||&#8221; header_3_font_size=&#8221;26px&#8221; header_4_font=&#8221;|600|||||||&#8221; header_4_text_color=&#8221;#0C71C3&#8243; header_4_font_size=&#8221;21px&#8221; custom_margin=&#8221;||35px|||&#8221; custom_padding=&#8221;|31px||31px||true&#8221; global_colors_info=&#8221;{}&#8221;]<\/p>\n<p style=\"text-align: justify;\">Patrick Martin est directeur de l\u2019innovation num\u00e9rique chez Groupe Canam. Ayant d\u00e9but\u00e9 comme dessinateur en structure d\u2019acier, il a \u00e9volu\u00e9 vers des r\u00f4les de gestion et de d\u00e9veloppement international, contribuant \u00e0 des projets majeurs en Am\u00e9rique du Nord et \u00e0 l\u2019\u00e9tranger. Aujourd\u2019hui, il se concentre sur l\u2019int\u00e9gration pragmatique de l\u2019intelligence artificielle et des technologies num\u00e9riques pour am\u00e9liorer la performance op\u00e9rationnelle et soutenir la prise de d\u00e9cision.<\/p>\n<p>[\/et_pb_text][\/et_pb_column][\/et_pb_row][et_pb_row _builder_version=&#8221;4.27.5&#8243; _module_preset=&#8221;default&#8221; global_colors_info=&#8221;{}&#8221;][et_pb_column type=&#8221;4_4&#8243; _builder_version=&#8221;4.27.5&#8243; _module_preset=&#8221;default&#8221; global_colors_info=&#8221;{}&#8221;][et_pb_text _builder_version=&#8221;4.27.5&#8243; _module_preset=&#8221;default&#8221; header_2_font=&#8221;&#8211;et_global_heading_font|700|||||||&#8221; header_2_text_color=&#8221;#22779e&#8221; header_2_font_size=&#8221;40px&#8221; custom_margin=&#8221;||0px|||&#8221; custom_padding=&#8221;||0px|||&#8221; global_colors_info=&#8221;{}&#8221;]<\/p>\n<h2 style=\"text-align: center;\">Tables d\u2019\u00e9changes<\/h2>\n<p>[\/et_pb_text][\/et_pb_column][\/et_pb_row][et_pb_row column_structure=&#8221;1_2,1_2&#8243; use_custom_gutter=&#8221;on&#8221; gutter_width=&#8221;1&#8243; _builder_version=&#8221;4.27.5&#8243; _module_preset=&#8221;default&#8221; width=&#8221;74%&#8221; max_width=&#8221;1995px&#8221; global_colors_info=&#8221;{}&#8221;][et_pb_column type=&#8221;1_2&#8243; _builder_version=&#8221;4.27.5&#8243; _module_preset=&#8221;default&#8221; global_colors_info=&#8221;{}&#8221;][et_pb_text _builder_version=&#8221;4.27.6&#8243; _module_preset=&#8221;default&#8221; text_font=&#8221;Arial||||||||&#8221; text_text_color=&#8221;#000000&#8243; text_font_size=&#8221;18px&#8221; text_line_height=&#8221;1.2em&#8221; header_3_font=&#8221;|700||on|||||&#8221; header_3_font_size=&#8221;26px&#8221; header_4_font=&#8221;|600|||||||&#8221; header_4_text_color=&#8221;#0C71C3&#8243; header_4_font_size=&#8221;21px&#8221; custom_margin=&#8221;||35px|||&#8221; custom_padding=&#8221;|31px||31px||true&#8221; global_colors_info=&#8221;{}&#8221;]<\/p>\n<h4 style=\"text-align: center;\"><strong>Th\u00e9matique 7:<\/strong><\/h4>\n<h2 style=\"text-align: center;\"><strong>Convaincre sa direction d&#8217;investir plus en innovation<\/strong><\/h2>\n<p style=\"text-align: justify;\">Comment pr\u00e9senter efficacement les besoins d\u2019investissement en innovation. Les participants partageront leurs exp\u00e9riences sur la fa\u00e7on de formuler des demandes claires, de bien vendre \u00e0 l&#8217;interne et de g\u00e9rer les attentes associ\u00e9es aux investissements. L\u2019objectif est d\u2019identifier des approches concr\u00e8tes pour faciliter la prise de d\u00e9cision et soutenir l&#8217;accroissement de la capacit\u00e9 d\u2019innovation.<\/p>\n<p>[\/et_pb_text][\/et_pb_column][et_pb_column type=&#8221;1_2&#8243; _builder_version=&#8221;4.27.5&#8243; _module_preset=&#8221;default&#8221; global_colors_info=&#8221;{}&#8221;][et_pb_text _builder_version=&#8221;4.27.6&#8243; _module_preset=&#8221;default&#8221; text_font=&#8221;Arial||||||||&#8221; text_text_color=&#8221;#000000&#8243; text_font_size=&#8221;18px&#8221; text_line_height=&#8221;1.2em&#8221; header_3_font=&#8221;|700||on|||||&#8221; header_3_font_size=&#8221;26px&#8221; header_4_font=&#8221;|600|||||||&#8221; header_4_text_color=&#8221;#0C71C3&#8243; header_4_font_size=&#8221;21px&#8221; custom_margin=&#8221;||35px|||&#8221; custom_padding=&#8221;|31px||31px||true&#8221; global_colors_info=&#8221;{}&#8221;]<\/p>\n<h4 style=\"text-align: center;\"><strong>Th\u00e9matique 8: <\/strong><\/h4>\n<h2 style=\"text-align: center;\"><strong>Innover au-del\u00e0 du produit<\/strong><\/h2>\n<p style=\"text-align: justify;\">\u00c9tendre la port\u00e9e de l\u2019innovation au-del\u00e0 du produit\u202f: mod\u00e8les d\u2019affaires, processus ou encore par l&#8217;exp\u00e9rience client ; favorisant ainsi la r\u00e9partition des efforts d&#8217;innovation \u00e0 d&#8217;autres fonctions. Les discussions porteront sur les opportunit\u00e9s offertes par ces terrains, les d\u00e9fis rencontr\u00e9s et les conditions favorables \u00e0 leur d\u00e9ploiement. Une occasion d\u2019\u00e9largir la port\u00e9e de l\u2019innovation dans l\u2019organisation.<\/p>\n<p>[\/et_pb_text][\/et_pb_column][\/et_pb_row][\/et_pb_section][et_pb_section fb_built=&#8221;1&#8243; disabled_on=&#8221;on|on|on&#8221; admin_label=&#8221;Section&#8221; _builder_version=&#8221;4.27.5&#8243; _module_preset=&#8221;default&#8221; width=&#8221;100%&#8221; max_width=&#8221;100%&#8221; module_alignment=&#8221;center&#8221; custom_padding=&#8221;||0px|||&#8221; da_disable_devices=&#8221;off|off|off&#8221; disabled=&#8221;on&#8221; global_colors_info=&#8221;{}&#8221; da_is_popup=&#8221;off&#8221; da_exit_intent=&#8221;off&#8221; da_has_close=&#8221;on&#8221; da_alt_close=&#8221;off&#8221; da_dark_close=&#8221;off&#8221; da_not_modal=&#8221;on&#8221; da_is_singular=&#8221;off&#8221; da_with_loader=&#8221;off&#8221; da_has_shadow=&#8221;on&#8221;][et_pb_row column_structure=&#8221;1_3,1_3,1_3&#8243; _builder_version=&#8221;4.27.5&#8243; _module_preset=&#8221;default&#8221; width=&#8221;100%&#8221; max_width=&#8221;2560px&#8221; global_colors_info=&#8221;{}&#8221;][et_pb_column type=&#8221;1_3&#8243; _builder_version=&#8221;4.27.5&#8243; _module_preset=&#8221;default&#8221; global_colors_info=&#8221;{}&#8221;][\/et_pb_column][et_pb_column type=&#8221;1_3&#8243; _builder_version=&#8221;4.27.5&#8243; _module_preset=&#8221;default&#8221; global_colors_info=&#8221;{}&#8221;][\/et_pb_column][et_pb_column type=&#8221;1_3&#8243; _builder_version=&#8221;4.27.5&#8243; _module_preset=&#8221;default&#8221; global_colors_info=&#8221;{}&#8221;][\/et_pb_column][\/et_pb_row][\/et_pb_section]<\/p>\n","protected":false},"excerpt":{"rendered":"<p>C\u00e9l\u00e9brons les leaders de l\u2019innovationTh\u00e9matique 2026: Instaurer une culture d\u2019innovation p\u00e9renne et r\u00e9silienteD\u00e9tails de l\u2019\u00e9v\u00e9nement Description de la journ\u00e9e 12 mai 2026 au Centrexpo,\u00a0Drummondville Lorem ipsum dolor sit amet, consectetur adipiscing elit. Integer sed neque dui. Nunc viverra mi eros, ac posuere nibh lobortis et. Vestibulum ante ipsum primis in faucibus orci luctus et ultrices [&hellip;]<\/p>\n","protected":false},"author":1,"featured_media":0,"parent":0,"menu_order":0,"comment_status":"closed","ping_status":"closed","template":"","meta":{"_et_pb_use_builder":"on","_et_pb_old_content":"","_et_gb_content_width":"","footnotes":""},"class_list":["post-2633","page","type-page","status-publish","hentry"],"yoast_head":"<!-- This site is optimized with the Yoast SEO plugin v27.4 - https:\/\/yoast.com\/product\/yoast-seo-wordpress\/ -->\n<title>Conferenciers<\/title>\n<meta name=\"description\" content=\"C\u00e9l\u00e9brons les leaders de l\u2019innovation 2026 : 12 mai au Centrexpo, Drummondville. Culture d\u2019innovation r\u00e9siliente, 350+ leaders, conf\u00e9rences et r\u00e9seautage.\" \/>\n<meta name=\"robots\" content=\"index, follow, max-snippet:-1, max-image-preview:large, max-video-preview:-1\" \/>\n<link rel=\"canonical\" href=\"https:\/\/innovationleaders.club\/fr\/celebrons2026\/conferenciers\/\" \/>\n<meta property=\"og:locale\" content=\"fr_CA\" \/>\n<meta property=\"og:type\" content=\"article\" \/>\n<meta property=\"og:title\" content=\"Conferenciers\" \/>\n<meta property=\"og:description\" content=\"C\u00e9l\u00e9brons les leaders de l\u2019innovation 2026 : 12 mai au Centrexpo, Drummondville. Culture d\u2019innovation r\u00e9siliente, 350+ leaders, conf\u00e9rences et r\u00e9seautage.\" \/>\n<meta property=\"og:url\" content=\"https:\/\/innovationleaders.club\/fr\/celebrons2026\/conferenciers\/\" \/>\n<meta property=\"og:site_name\" content=\"Innovation Leaders Club\" \/>\n<meta property=\"article:modified_time\" content=\"2026-04-17T18:45:54+00:00\" \/>\n<meta name=\"twitter:card\" content=\"summary_large_image\" \/>\n<meta name=\"twitter:label1\" content=\"Estimation du temps de lecture\" \/>\n\t<meta name=\"twitter:data1\" content=\"11 minutes\" \/>\n<script type=\"application\/ld+json\" class=\"yoast-schema-graph\">{\"@context\":\"https:\\\/\\\/schema.org\",\"@graph\":[{\"@type\":\"WebPage\",\"@id\":\"https:\\\/\\\/innovationleaders.club\\\/celebrons2026\\\/conferenciers\\\/\",\"url\":\"https:\\\/\\\/innovationleaders.club\\\/celebrons2026\\\/conferenciers\\\/\",\"name\":\"Conferenciers\",\"isPartOf\":{\"@id\":\"https:\\\/\\\/innovationleaders.club\\\/#website\"},\"datePublished\":\"2026-02-20T09:44:19+00:00\",\"dateModified\":\"2026-04-17T18:45:54+00:00\",\"description\":\"C\u00e9l\u00e9brons les leaders de l\u2019innovation 2026 : 12 mai au Centrexpo, Drummondville. Culture d\u2019innovation r\u00e9siliente, 350+ leaders, conf\u00e9rences et r\u00e9seautage.\",\"breadcrumb\":{\"@id\":\"https:\\\/\\\/innovationleaders.club\\\/celebrons2026\\\/conferenciers\\\/#breadcrumb\"},\"inLanguage\":\"fr-CA\",\"potentialAction\":[{\"@type\":\"ReadAction\",\"target\":[\"https:\\\/\\\/innovationleaders.club\\\/celebrons2026\\\/conferenciers\\\/\"]}]},{\"@type\":\"BreadcrumbList\",\"@id\":\"https:\\\/\\\/innovationleaders.club\\\/celebrons2026\\\/conferenciers\\\/#breadcrumb\",\"itemListElement\":[{\"@type\":\"ListItem\",\"position\":1,\"name\":\"Home\",\"item\":\"https:\\\/\\\/innovationleaders.club\\\/\"},{\"@type\":\"ListItem\",\"position\":2,\"name\":\"Conferenciers\"}]},{\"@type\":\"WebSite\",\"@id\":\"https:\\\/\\\/innovationleaders.club\\\/#website\",\"url\":\"https:\\\/\\\/innovationleaders.club\\\/\",\"name\":\"Innovation Leaders Club\",\"description\":\"\",\"potentialAction\":[{\"@type\":\"SearchAction\",\"target\":{\"@type\":\"EntryPoint\",\"urlTemplate\":\"https:\\\/\\\/innovationleaders.club\\\/?s={search_term_string}\"},\"query-input\":{\"@type\":\"PropertyValueSpecification\",\"valueRequired\":true,\"valueName\":\"search_term_string\"}}],\"inLanguage\":\"fr-CA\"}]}<\/script>\n<!-- \/ Yoast SEO plugin. -->","yoast_head_json":{"title":"Conferenciers","description":"C\u00e9l\u00e9brons les leaders de l\u2019innovation 2026 : 12 mai au Centrexpo, Drummondville. Culture d\u2019innovation r\u00e9siliente, 350+ leaders, conf\u00e9rences et r\u00e9seautage.","robots":{"index":"index","follow":"follow","max-snippet":"max-snippet:-1","max-image-preview":"max-image-preview:large","max-video-preview":"max-video-preview:-1"},"canonical":"https:\/\/innovationleaders.club\/fr\/celebrons2026\/conferenciers\/","og_locale":"fr_CA","og_type":"article","og_title":"Conferenciers","og_description":"C\u00e9l\u00e9brons les leaders de l\u2019innovation 2026 : 12 mai au Centrexpo, Drummondville. Culture d\u2019innovation r\u00e9siliente, 350+ leaders, conf\u00e9rences et r\u00e9seautage.","og_url":"https:\/\/innovationleaders.club\/fr\/celebrons2026\/conferenciers\/","og_site_name":"Innovation Leaders Club","article_modified_time":"2026-04-17T18:45:54+00:00","twitter_card":"summary_large_image","twitter_misc":{"Estimation du temps de lecture":"11 minutes"},"schema":{"@context":"https:\/\/schema.org","@graph":[{"@type":"WebPage","@id":"https:\/\/innovationleaders.club\/celebrons2026\/conferenciers\/","url":"https:\/\/innovationleaders.club\/celebrons2026\/conferenciers\/","name":"Conferenciers","isPartOf":{"@id":"https:\/\/innovationleaders.club\/#website"},"datePublished":"2026-02-20T09:44:19+00:00","dateModified":"2026-04-17T18:45:54+00:00","description":"C\u00e9l\u00e9brons les leaders de l\u2019innovation 2026 : 12 mai au Centrexpo, Drummondville. Culture d\u2019innovation r\u00e9siliente, 350+ leaders, conf\u00e9rences et r\u00e9seautage.","breadcrumb":{"@id":"https:\/\/innovationleaders.club\/celebrons2026\/conferenciers\/#breadcrumb"},"inLanguage":"fr-CA","potentialAction":[{"@type":"ReadAction","target":["https:\/\/innovationleaders.club\/celebrons2026\/conferenciers\/"]}]},{"@type":"BreadcrumbList","@id":"https:\/\/innovationleaders.club\/celebrons2026\/conferenciers\/#breadcrumb","itemListElement":[{"@type":"ListItem","position":1,"name":"Home","item":"https:\/\/innovationleaders.club\/"},{"@type":"ListItem","position":2,"name":"Conferenciers"}]},{"@type":"WebSite","@id":"https:\/\/innovationleaders.club\/#website","url":"https:\/\/innovationleaders.club\/","name":"Cercle des leaders de l'innovation","description":"","potentialAction":[{"@type":"SearchAction","target":{"@type":"EntryPoint","urlTemplate":"https:\/\/innovationleaders.club\/?s={search_term_string}"},"query-input":{"@type":"PropertyValueSpecification","valueRequired":true,"valueName":"search_term_string"}}],"inLanguage":"fr-CA"}]}},"_links":{"self":[{"href":"https:\/\/innovationleaders.club\/fr\/wp-json\/wp\/v2\/pages\/2633","targetHints":{"allow":["GET"]}}],"collection":[{"href":"https:\/\/innovationleaders.club\/fr\/wp-json\/wp\/v2\/pages"}],"about":[{"href":"https:\/\/innovationleaders.club\/fr\/wp-json\/wp\/v2\/types\/page"}],"author":[{"embeddable":true,"href":"https:\/\/innovationleaders.club\/fr\/wp-json\/wp\/v2\/users\/1"}],"replies":[{"embeddable":true,"href":"https:\/\/innovationleaders.club\/fr\/wp-json\/wp\/v2\/comments?post=2633"}],"version-history":[{"count":54,"href":"https:\/\/innovationleaders.club\/fr\/wp-json\/wp\/v2\/pages\/2633\/revisions"}],"predecessor-version":[{"id":2862,"href":"https:\/\/innovationleaders.club\/fr\/wp-json\/wp\/v2\/pages\/2633\/revisions\/2862"}],"wp:attachment":[{"href":"https:\/\/innovationleaders.club\/fr\/wp-json\/wp\/v2\/media?parent=2633"}],"curies":[{"name":"wp","href":"https:\/\/api.w.org\/{rel}","templated":true}]}}